{"id":600,"date":"2026-05-10T20:46:32","date_gmt":"2026-05-10T20:46:32","guid":{"rendered":"https:\/\/amistadcuba.nl\/?page_id=600"},"modified":"2026-05-10T21:11:30","modified_gmt":"2026-05-10T21:11:30","slug":"voices-of-cuba","status":"publish","type":"page","link":"https:\/\/amistadcuba.nl\/de\/voices-of-cuba\/","title":{"rendered":"Voices of Cuba"},"content":{"rendered":"<div class=\"et_pb_section_0 et_pb_section et_section_regular et_block_section\">\n<div class=\"et_pb_row_0 et_pb_row et_block_row\">\n<div class=\"et_pb_column_0 et_pb_column et_pb_column_4_4 et-last-child et_block_column et_pb_css_mix_blend_mode_passthrough\">\n<div class=\"et_pb_text_0 et_pb_text et_pb_bg_layout_light et_pb_module et_flex_module\"><div class=\"et_pb_text_inner\"><h1>Voices of Cuba<\/h1>\n<\/div><\/div>\n\n<div class=\"et_pb_image_0 et_pb_image et_pb_module et_flex_module\"><span class=\"et_pb_image_wrap\"><img loading=\"lazy\" decoding=\"async\" src=\"https:\/\/amistadcuba.nl\/wp-content\/uploads\/2026\/05\/Voices-300x300.png\" title=\"Voices of Cuba\" width=\"300\" height=\"300\" class=\"wp-image-567\" \/><\/span><\/div>\n\n<div class=\"et_pb_text_1 et_pb_text et_pb_bg_layout_light et_pb_module et_flex_module\"><div class=\"et_pb_text_inner\"><h3 style=\"text-align: center;\"><strong><span style=\"color: #e09900;\">Bildung ver\u00e4ndert Leben. Sprachunterricht \u00f6ffnet T\u00fcren.<\/span><\/strong><\/h3>\n<\/div><\/div>\n<\/div>\n<\/div>\n<\/div>\n\n<div class=\"et_pb_section_1 et_pb_section et_section_regular et_flex_section\">\n<div class=\"et_pb_row_1 et_pb_row et_flex_row\">\n<div class=\"et_pb_column_1 et_pb_column et_flex_column et_pb_css_mix_blend_mode_passthrough et_flex_column_3_5 et_flex_column_3_5_tablet et_flex_column_24_24_phone\">\n<div class=\"et_pb_group_0 et_pb_group et-last-child et_pb_module et_flex_group et_pb_css_mix_blend_mode_passthrough\">\n<div class=\"et_pb_text_2 et_pb_text et_pb_bg_layout_light et_pb_module et_flex_module\"><div class=\"et_pb_text_inner\"><p><strong><span style=\"color: #000000; font-family: inherit; font-size: medium;\">Mit Voices of Cuba, einer Initiative der Stiftung Amistad con Cuba, investieren wir in die Zukunft von Kindern und Jugendlichen in Kuba.<\/span><\/strong><\/p>\n<p style=\"text-align: left;\"><span style=\"color: #000000; font-family: inherit; font-weight: normal; font-size: medium;\">Viele junge Menschen in Kuba haben Talent, Motivation und Tr\u00e4ume. Dennoch hat nicht jeder Zugang zu zus\u00e4tzlicher Bildung oder internationalen Sprachen wie Englisch.<\/span><\/p>\n<p style=\"text-align: left;\"><span style=\"color: #000000; font-family: inherit; font-weight: normal; font-size: medium;\">Mit Voices of Cuba wollen wir dort Ver\u00e4nderung bringen.<\/span><\/p>\n<p style=\"text-align: left;\"><span style=\"color: #000000; font-family: inherit; font-weight: normal; font-size: medium;\">Unser Ziel ist es, Kindern und Jugendlichen mit geringen Chancen Zugang zu qualitativ hochwertigem Sprachunterricht zu erm\u00f6glichen. Wir m\u00f6chten mit lokalen Lehrern, Freiwilligen und Bildungsinitiativen in Kuba zusammenarbeiten. Wo immer m\u00f6glich, arbeiten wir mit qualifizierten Lehrern.<\/span><\/p>\n<p style=\"text-align: left;\"><span style=\"color: #000000; font-family: inherit; font-weight: normal; font-size: medium;\">Die Lektionen gehen \u00fcber W\u00f6rter und Grammatik hinaus.<\/span><\/p>\n<p style=\"text-align: left;\"><span style=\"color: #e09900; font-family: inherit; font-weight: normal; font-size: medium;\"><strong>Sprache gibt Selbstvertrauen.<\/strong><\/span><br \/><span style=\"color: #e09900; font-family: inherit; font-weight: normal; font-size: medium;\"><strong>Sprache verbindet Menschen.<\/strong><\/span><br \/><span style=\"color: #e09900; font-family: inherit; font-weight: normal; font-size: medium;\"><strong>Sprache \u00f6ffnet neue M\u00f6glichkeiten in Studium, Arbeit und pers\u00f6nlicher Entwicklung.<\/strong><\/span><\/p>\n<p style=\"text-align: left;\"><span style=\"color: #000000; font-family: inherit; font-weight: normal; font-size: medium;\">Mit Voices of Cuba m\u00f6chten wir junge Menschen dabei unterst\u00fctzen, ihre Talente zu entwickeln und st\u00e4rker im Leben zu stehen.<\/span><\/p>\n<p style=\"text-align: left;\"><span style=\"color: #000000; font-family: inherit; font-weight: normal; font-size: medium;\">Wir glauben, dass jedes Kind Potenzial hat. Manchmal braucht es nur eine Chance, um dieses Potenzial sichtbar zu machen.<\/span><\/p>\n<p style=\"text-align: left;\"><span style=\"color: #000000; font-family: inherit; font-weight: normal; font-size: medium;\">Gemeinsam bauen wir an einer Generation mit Wissen, Vertrauen und Zukunft.<\/span><\/p>\n<p style=\"text-align: left;\">\n<\/div><\/div>\n<\/div>\n<\/div>\n\n<div class=\"et_pb_column_2 et_pb_column et-last-child et_flex_column et_pb_css_mix_blend_mode_passthrough et_flex_column_2_5 et_flex_column_2_5_tablet et_flex_column_24_24_phone\">\n<div class=\"et_pb_image_1 et_pb_image et_pb_module et_flex_module\"><span class=\"et_pb_image_wrap\"><img loading=\"lazy\" decoding=\"async\" src=\"https:\/\/amistadcuba.nl\/wp-content\/uploads\/2026\/05\/Tahlia.jpg\" title=\"Tahlia\" width=\"750\" height=\"1000\" srcset=\"https:\/\/amistadcuba.nl\/wp-content\/uploads\/2026\/05\/Tahlia.jpg 750w, https:\/\/amistadcuba.nl\/wp-content\/uploads\/2026\/05\/Tahlia-480x640.jpg 480w\" sizes=\"(min-width: 0px) and (max-width: 480px) 480px, (min-width: 481px) 750px, 100vw\" class=\"wp-image-609\" \/><\/span><\/div>\n<\/div>\n<\/div>\n\n<div class=\"et_pb_row_2 et_pb_row et_flex_row\">\n<div class=\"et_pb_column_3 et_pb_column et-last-child et_flex_column et_pb_css_mix_blend_mode_passthrough et_flex_column_24_24 et_flex_column_24_24_tablet et_flex_column_24_24_phone\">\n<div class=\"et_pb_text_3 et_pb_text et_pb_bg_layout_light et_pb_module et_flex_module\"><div class=\"et_pb_text_inner\"><p style=\"text-align: center;\"><span style=\"color: #e09900; font-family: inherit; font-weight: normal; font-size: medium;\"><strong>Voices of Cuba<\/strong><\/span><br \/><span style=\"color: #000000;\"><em><span style=\"font-family: inherit; font-weight: normal; font-size: medium;\">Talente. Talent. Zukunft.<\/span><\/em><\/span><br \/><span style=\"color: #000000;\"><em><span style=\"font-family: inherit; font-weight: normal; font-size: medium;\">Der kubanischen Jugend eine Stimme geben.<\/span><\/em><\/span><\/p>\n<\/div><\/div>\n<\/div>\n<\/div>\n<\/div>\n\n<div class=\"et_pb_section_2 et_pb_section et_section_regular et_flex_section\">\n<div class=\"et_pb_row_3 et_pb_row et_flex_row\">\n<div class=\"et_pb_column_4 et_pb_column et_flex_column et_pb_css_mix_blend_mode_passthrough et_flex_column_12_24 et_flex_column_12_24_tablet et_flex_column_24_24_phone\">\n<div class=\"et_pb_text_4 et_pb_text et_pb_bg_layout_light et_pb_module et_flex_module\"><div class=\"et_pb_text_inner\"><h3>Unterst\u00fctzen Sie dieses einzigartige Bildungsprojekt<\/h3>\n<\/div><\/div>\n\n<div class=\"et_pb_group_1 et_pb_group et-last-child et_pb_module et_flex_group et_pb_css_mix_blend_mode_passthrough\">\n<div class=\"et_pb_text_5 et_pb_text et_pb_bg_layout_light et_pb_module et_flex_module\"><div class=\"et_pb_text_inner\"><p>Mit Voices of Cuba investieren wir in nachhaltige Sprachbildung f\u00fcr Kinder und Jugendliche in Kuba. Sprachkompetenz erweitert die M\u00f6glichkeiten f\u00fcr pers\u00f6nliche Entwicklung, weiterf\u00fchrende Bildung und zuk\u00fcnftige Chancen auf dem Arbeitsmarkt.<\/p>\n<\/div><\/div>\n\n<div class=\"et_pb_text_6 et_pb_text et_pb_bg_layout_light et_pb_module et_flex_module\"><div class=\"et_pb_text_inner\"><p>F\u00fcr die Durchf\u00fchrung dieses Projekts suchen wir engagierte Partner, Unternehmen, Stiftungen und Privatpersonen. Ihr Beitrag unterst\u00fctzt Lehrmaterialien, lokale Lehrkr\u00e4fte, Bildungseinrichtungen und die Weiterentwicklung dieser Initiative.<\/p>\n<\/div><\/div>\n\n<div class=\"et_pb_text_7 et_pb_text et_pb_bg_layout_light et_pb_module et_flex_module\"><div class=\"et_pb_text_inner\"><p>Samen cre\u00ebren wij concrete kansen, met directe impact, lokale samenwerking en volledige transparantie. Investeer mee in kennis, ontwikkeling en toekomst.<\/p>\n<p>&nbsp;<\/p>\n<\/div><\/div>\n\n<div class=\"et_pb_module et_pb_button_module_wrapper et_pb_button_0_wrapper\"><a class=\"et_pb_button_0 et_pb_button et_pb_bg_layout_dark et_pb_module et_flex_module\" href=\"https:\/\/betaalverzoek.rabobank.nl\/betaalverzoek\/?id=aBmpr2C1S_2RPLsdwlXeww\">Unterst\u00fctzen Sprachunterricht<\/a><\/div>\n<\/div>\n<\/div>\n\n<div class=\"et_pb_column_5 et_pb_column et-last-child et_flex_column et_pb_css_mix_blend_mode_passthrough et_flex_column_12_24 et_flex_column_12_24_tablet et_flex_column_24_24_phone\">\n<div class=\"et_pb_text_8 et_pb_text et_pb_bg_layout_light et_pb_module et_flex_module\"><div class=\"et_pb_text_inner\"><h3>Unsere Kernprinzipien<\/h3>\n<\/div><\/div>\n\n<div class=\"et_pb_group_2 et_pb_group et_pb_module et_flex_group et_pb_css_mix_blend_mode_passthrough\">\n<div class=\"et_pb_image_2 et_pb_image et_pb_image_bottom_space_tablet et_pb_module et_flex_module\"><span class=\"et_pb_image_wrap\"><img loading=\"lazy\" decoding=\"async\" src=\"https:\/\/amistadcuba.nl\/wp-content\/uploads\/2026\/03\/icon-1-1.png\" title=\"Symbol #1\" width=\"32\" height=\"32\" sizes=\"(max-width: 32px) 100vw, 32px\" class=\"wp-image-72\" \/><\/span><\/div>\n\n<div class=\"et_pb_group_3 et_pb_group et-last-child et_pb_module et_flex_group et_pb_css_mix_blend_mode_passthrough\">\n<div class=\"et_pb_text_9 et_pb_text et_pb_bg_layout_light et_pb_module et_flex_module\"><div class=\"et_pb_text_inner\"><h4><span style=\"color: #e09900;\">Solidarit\u00e4t<\/span><\/h4>\n<\/div><\/div>\n\n<div class=\"et_pb_text_10 et_pb_text et_pb_bg_layout_light et_pb_module et_flex_module\"><div class=\"et_pb_text_inner\"><p style=\"text-align: left;\">Wir stehen Schulter an Schulter mit Menschen und Gemeinschaften, die unsere Unterst\u00fctzung brauchen.<\/p>\n<\/div><\/div>\n<\/div>\n<\/div>\n\n<div class=\"et_pb_group_4 et_pb_group et_pb_module et_flex_group et_pb_css_mix_blend_mode_passthrough\">\n<div class=\"et_pb_image_3 et_pb_image et_pb_module et_flex_module\"><span class=\"et_pb_image_wrap\"><img loading=\"lazy\" decoding=\"async\" src=\"https:\/\/amistadcuba.nl\/wp-content\/uploads\/2026\/03\/icon-2-1.png\" title=\"Symbol #2\" width=\"32\" height=\"32\" sizes=\"(max-width: 32px) 100vw, 32px\" class=\"wp-image-73\" \/><\/span><\/div>\n\n<div class=\"et_pb_group_5 et_pb_group et-last-child et_pb_module et_flex_group et_pb_css_mix_blend_mode_passthrough\">\n<div class=\"et_pb_text_11 et_pb_text et_pb_bg_layout_light et_pb_module et_flex_module\"><div class=\"et_pb_text_inner\"><h4><span style=\"color: #e09900;\">Transparenz<\/span><\/h4>\n<\/div><\/div>\n\n<div class=\"et_pb_text_12 et_pb_text et_pb_bg_layout_light et_pb_module et_flex_module\"><div class=\"et_pb_text_inner\"><p style=\"text-align: left;\">Jeder Beitrag wird Rechenschaft abgelegt. Wir kommunizieren offen \u00fcber Ziele, Ausgaben und Ergebnisse.<\/p>\n<\/div><\/div>\n<\/div>\n<\/div>\n\n<div class=\"et_pb_group_6 et_pb_group et_pb_module et_flex_group et_pb_css_mix_blend_mode_passthrough\">\n<div class=\"et_pb_image_4 et_pb_image et_pb_module et_flex_module\"><span class=\"et_pb_image_wrap\"><img loading=\"lazy\" decoding=\"async\" src=\"https:\/\/amistadcuba.nl\/wp-content\/uploads\/2026\/03\/icon-3-1.png\" title=\"Symbol #3\" width=\"32\" height=\"32\" sizes=\"(max-width: 32px) 100vw, 32px\" class=\"wp-image-74\" \/><\/span><\/div>\n\n<div class=\"et_pb_group_7 et_pb_group et-last-child et_pb_module et_flex_group et_pb_css_mix_blend_mode_passthrough\">\n<div class=\"et_pb_text_13 et_pb_text et_pb_bg_layout_light et_pb_module et_flex_module\"><div class=\"et_pb_text_inner\"><h4><span style=\"color: #e09900;\">Direkte Hilfe<\/span><\/h4>\n<\/div><\/div>\n\n<div class=\"et_pb_text_14 et_pb_text et_pb_bg_layout_light et_pb_module et_flex_module\"><div class=\"et_pb_text_inner\"><p style=\"text-align: left;\">Diese Unterst\u00fctzung kommt genau dort an, wo sie am dringendsten gebraucht wird.<\/p>\n<\/div><\/div>\n<\/div>\n<\/div>\n\n<div class=\"et_pb_group_8 et_pb_group et_pb_module et_flex_group et_pb_css_mix_blend_mode_passthrough\">\n<div class=\"et_pb_image_5 et_pb_image et_pb_module et_flex_module\"><span class=\"et_pb_image_wrap\"><img loading=\"lazy\" decoding=\"async\" src=\"https:\/\/amistadcuba.nl\/wp-content\/uploads\/2026\/03\/icon-4.png\" title=\"Symbol #4\" width=\"32\" height=\"32\" sizes=\"(max-width: 32px) 100vw, 32px\" class=\"wp-image-75\" \/><\/span><\/div>\n\n<div class=\"et_pb_group_9 et_pb_group et-last-child et_pb_module et_flex_group et_pb_css_mix_blend_mode_passthrough\">\n<div class=\"et_pb_text_15 et_pb_text et_pb_bg_layout_light et_pb_module et_flex_module\"><div class=\"et_pb_text_inner\"><h4><span style=\"color: #e09900;\">Lokale Zusammenarbeit<\/span><\/h4>\n<\/div><\/div>\n\n<div class=\"et_pb_text_16 et_pb_text et_pb_bg_layout_light et_pb_module et_flex_module\"><div class=\"et_pb_text_inner\"><p style=\"text-align: left;\">Wir arbeiten mit lokalen Partnern zusammen, die die Situation, Kultur und Bed\u00fcrfnisse kennen.<\/p>\n<\/div><\/div>\n<\/div>\n<\/div>\n\n<div class=\"et_pb_group_10 et_pb_group et-last-child et_pb_module et_flex_group et_pb_css_mix_blend_mode_passthrough\">\n<div class=\"et_pb_image_6 et_pb_image et_pb_module et_flex_module\"><span class=\"et_pb_image_wrap\"><img loading=\"lazy\" decoding=\"async\" src=\"https:\/\/amistadcuba.nl\/wp-content\/uploads\/2026\/03\/icon-5.png\" title=\"Symbol #5\" width=\"32\" height=\"32\" sizes=\"(max-width: 32px) 100vw, 32px\" class=\"wp-image-76\" \/><\/span><\/div>\n\n<div class=\"et_pb_group_11 et_pb_group et-last-child et_pb_module et_flex_group et_pb_css_mix_blend_mode_passthrough\">\n<div class=\"et_pb_text_17 et_pb_text et_pb_bg_layout_light et_pb_module et_flex_module\"><div class=\"et_pb_text_inner\"><h4><span style=\"color: #e09900;\">Langfristige Vision<\/span><\/h4>\n<\/div><\/div>\n\n<div class=\"et_pb_text_18 et_pb_text et_pb_bg_layout_light et_pb_module et_flex_module\"><div class=\"et_pb_text_inner\"><p style=\"text-align: left;\">Neben akuter Hilfe investieren wir in Bildung, Entwicklung und nachhaltige Chancen.<\/p>\n<\/div><\/div>\n<\/div>\n<\/div>\n<\/div>\n<\/div>\n<\/div>\n\n<div class=\"et_pb_section_3 et_pb_section et_section_regular et_flex_section\">\n<div class=\"et_pb_row_4 et_pb_row et_block_row\">\n<div class=\"et_pb_column_6 et_pb_column et_pb_column_4_4 et-last-child et_block_column et_pb_css_mix_blend_mode_passthrough\">\n<div class=\"et_pb_text_19 et_pb_text et_pb_bg_layout_light et_pb_module et_flex_module\"><div class=\"et_pb_text_inner\"><p style=\"text-align: center;\"><span style=\"color: #e09900;\"><strong>Sind Sie an Unterst\u00fctzung, Partnerschaft oder gesellschaftlicher Zusammenarbeit interessiert? Wir sprechen gerne mit Ihnen.<\/strong><\/span><\/p>\n<\/div><\/div>\n\n<div class=\"et_pb_module et_pb_button_module_wrapper et_pb_button_1_wrapper\"><a class=\"et_pb_button_1 et_pb_button et_pb_bg_layout_dark et_pb_module et_flex_module\" href=\"mailto:voc@amistadcuba.nl\">Kontakt aufnehmen<\/a><\/div>\n<\/div>\n<\/div>\n\n<div class=\"et_pb_row_5 et_pb_row et-vb-row--no-module et_flex_row\">\n<div class=\"et_pb_column_7 et_pb_column et-last-child et_flex_column et_pb_column_empty et_pb_css_mix_blend_mode_passthrough et_flex_column_24_24 et_flex_column_24_24_tablet et_flex_column_24_24_phone\"><\/div>\n<\/div>\n<\/div>","protected":false},"excerpt":{"rendered":"","protected":false},"author":1,"featured_media":566,"parent":0,"menu_order":0,"comment_status":"closed","ping_status":"closed","template":"","meta":{"give_campaign_id":0,"footnotes":""},"class_list":["post-600","page","type-page","status-publish","has-post-thumbnail","hentry"],"campaignId":"","_links":{"self":[{"href":"https:\/\/amistadcuba.nl\/de\/wp-json\/wp\/v2\/pages\/600","targetHints":{"allow":["GET"]}}],"collection":[{"href":"https:\/\/amistadcuba.nl\/de\/wp-json\/wp\/v2\/pages"}],"about":[{"href":"https:\/\/amistadcuba.nl\/de\/wp-json\/wp\/v2\/types\/page"}],"author":[{"embeddable":true,"href":"https:\/\/amistadcuba.nl\/de\/wp-json\/wp\/v2\/users\/1"}],"replies":[{"embeddable":true,"href":"https:\/\/amistadcuba.nl\/de\/wp-json\/wp\/v2\/comments?post=600"}],"version-history":[{"count":0,"href":"https:\/\/amistadcuba.nl\/de\/wp-json\/wp\/v2\/pages\/600\/revisions"}],"wp:featuredmedia":[{"embeddable":true,"href":"https:\/\/amistadcuba.nl\/de\/wp-json\/wp\/v2\/media\/566"}],"wp:attachment":[{"href":"https:\/\/amistadcuba.nl\/de\/wp-json\/wp\/v2\/media?parent=600"}],"curies":[{"name":"wp","href":"https:\/\/api.w.org\/{rel}","templated":true}]}}