{"id":980,"date":"2026-07-10T20:14:41","date_gmt":"2026-07-10T20:14:41","guid":{"rendered":"https:\/\/amistadcuba.nl\/?page_id=980"},"modified":"2026-07-29T18:59:21","modified_gmt":"2026-07-29T18:59:21","slug":"amimesa-2","status":"publish","type":"page","link":"https:\/\/amistadcuba.nl\/de\/amimesa-2\/","title":{"rendered":"AmiMesa"},"content":{"rendered":"<div class=\"et_pb_section_0 et_pb_section et_section_regular et_block_section\">\n<div class=\"et_pb_row_0 et_pb_row et_block_row\">\n<div class=\"et_pb_column_0 et_pb_column et_pb_column_4_4 et-last-child et_block_column et_pb_css_mix_blend_mode_passthrough\">\n<div class=\"et_pb_text_0 et_pb_text et_pb_bg_layout_light et_pb_module et_flex_module\"><div class=\"et_pb_text_inner\"><h1>AmiMesa<\/h1>\n<\/div><\/div>\n\n<div class=\"et_pb_image_0 et_pb_image et_pb_module et_flex_module\"><span class=\"et_pb_image_wrap\"><img loading=\"lazy\" decoding=\"async\" src=\"https:\/\/amistadcuba.nl\/wp-content\/uploads\/2026\/05\/AmiMesa-1024x683.jpg\" title=\"AmiMesa\" width=\"1024\" height=\"683\" srcset=\"https:\/\/amistadcuba.nl\/wp-content\/uploads\/2026\/05\/AmiMesa-980x653.jpg 980w, https:\/\/amistadcuba.nl\/wp-content\/uploads\/2026\/05\/AmiMesa-480x320.jpg 480w\" sizes=\"(min-width: 0px) and (max-width: 480px) 480px, (min-width: 481px) and (max-width: 980px) 980px, (min-width: 981px) 1024px, 100vw\" class=\"wp-image-981\" \/><\/span><\/div>\n\n<div class=\"et_pb_text_1 et_pb_text et_pb_bg_layout_light et_pb_module et_flex_module\"><div class=\"et_pb_text_inner\"><h3 style=\"text-align: center;\"><span style=\"color: #000000;\"><strong>AmiMesa ist nicht nur ein Teller Essen.<\/strong><\/span><\/h3>\n<h3 style=\"text-align: center;\"><span style=\"color: #000000;\"><strong>Es ist ein Tisch, an dem Freundschaft, W\u00fcrde und Hoffnung geteilt werden.<\/strong><\/span><\/h3>\n<\/div><\/div>\n<\/div>\n<\/div>\n<\/div>\n\n<div class=\"et_pb_section_1 et_pb_section et_section_regular et_flex_section\">\n<div class=\"et_pb_row_1 et_pb_row et_flex_row\">\n<div class=\"et_pb_column_1 et_pb_column et-last-child et_flex_column et_pb_css_mix_blend_mode_passthrough et_flex_column_24_24 et_flex_column_24_24_tablet et_flex_column_24_24_phone\">\n<div class=\"et_pb_text_2 et_pb_text et_pb_bg_layout_light et_pb_module et_flex_module\"><div class=\"et_pb_text_inner\"><p style=\"text-align: center;\"><span style=\"font-family: inherit;\"><strong><span style=\"color: #000000;\">Am Samstag, dem 13. Juni 2026, fand in Holgu\u00edn die allererste AmiMesa statt. Dank der Unterst\u00fctzung unserer Spender konnten 38 Menschen, die unter schwierigen Bedingungen leben, eine warme und gesunde Mahlzeit genie\u00dfen. Es war ein besonderer Tag voller Begegnung, Dankbarkeit und Verbundenheit.<\/span><\/strong><\/span><span style=\"font-family: inherit;\"><strong><span style=\"color: #000000;\"><\/span><\/strong><\/span><\/p>\n<p style=\"text-align: center;\"><span style=\"color: #000000; font-family: inherit;\">AmiMesa ist viel mehr als nur eine Mahlzeit. Es ist ein Moment, in dem Menschen zusammenkommen, sich treffen und sp\u00fcren, dass sie nicht allein sind. Am Tisch sind alle gleich. Sie essen, reden, lachen und h\u00f6ren einander zu. In einem Land, in dem viele Menschen t\u00e4glich mit Armut und Mangel zu k\u00e4mpfen haben, kann eine so einfache Zusammenkunft viel bewirken.<\/span><\/p>\n<p style=\"text-align: center;\"><span style=\"color: #000000; font-family: inherit;\">Das Besondere an AmiMesa ist, dass wir mit weniger als 50 \u20ac etwa 40 Menschen eine nahrhafte Mahlzeit anbieten k\u00f6nnen. Damit ist es ein kleines Projekt mit gro\u00dfer Wirkung. Jede Spende, egal ob gro\u00df oder klein, hilft uns, eine weitere AmiMesa zu organisieren und Menschen einen Moment der Begegnung, Aufmerksamkeit und Hoffnung zu schenken.<\/span><\/p>\n<p style=\"text-align: center;\"><span style=\"color: #000000; font-family: inherit;\">AmiMesa zeigt, dass Hilfe nicht immer gro\u00df oder kompliziert sein muss. Manchmal beginnt echte Ver\u00e4nderung mit etwas ganz Einfachem: einem Tisch, einer warmen Mahlzeit und aufrichtiger Aufmerksamkeit f\u00fcreinander.<\/span><\/p>\n<p style=\"text-align: center;\"><span style=\"color: #000000; font-family: inherit;\">Gemeinsam teilen wir nicht nur Essen, sondern auch Freundschaft, Respekt und Hoffnung. Das ist die Kraft von AmiMesa.<\/span><\/p>\n<\/div>\n<div class=\"et_pb_image_1 et_pb_image et_pb_module et_flex_module\"><span class=\"et_pb_image_wrap\"><img loading=\"lazy\" decoding=\"async\" src=\"https:\/\/amistadcuba.nl\/wp-content\/uploads\/2026\/06\/AmiMesa11.jpg\" title=\"AmiMesa\" width=\"1500\" height=\"844\" srcset=\"https:\/\/amistadcuba.nl\/wp-content\/uploads\/2026\/06\/AmiMesa11.jpg 1500w, https:\/\/amistadcuba.nl\/wp-content\/uploads\/2026\/06\/AmiMesa11-1280x720.jpg 1280w, https:\/\/amistadcuba.nl\/wp-content\/uploads\/2026\/06\/AmiMesa11-980x551.jpg 980w, https:\/\/amistadcuba.nl\/wp-content\/uploads\/2026\/06\/AmiMesa11-480x270.jpg 480w\" sizes=\"(min-width: 0px) and (max-width: 480px) 480px, (min-width: 481px) and (max-width: 980px) 980px, (min-width: 981px) and (max-width: 1280px) 1280px, (min-width: 1281px) 1500px, 100vw\" class=\"wp-image-1200\" \/><\/span><\/div>\n\n<div class=\"et_pb_image_2 et_pb_image et_pb_module et_flex_module\"><span class=\"et_pb_image_wrap\"><img loading=\"lazy\" decoding=\"async\" src=\"https:\/\/amistadcuba.nl\/wp-content\/uploads\/2026\/06\/AmiMesa3.jpg\" title=\"AmiMesa\" width=\"1500\" height=\"845\" srcset=\"https:\/\/amistadcuba.nl\/wp-content\/uploads\/2026\/06\/AmiMesa3.jpg 1500w, https:\/\/amistadcuba.nl\/wp-content\/uploads\/2026\/06\/AmiMesa3-1280x721.jpg 1280w, https:\/\/amistadcuba.nl\/wp-content\/uploads\/2026\/06\/AmiMesa3-980x552.jpg 980w, https:\/\/amistadcuba.nl\/wp-content\/uploads\/2026\/06\/AmiMesa3-480x270.jpg 480w\" sizes=\"(min-width: 0px) and (max-width: 480px) 480px, (min-width: 481px) and (max-width: 980px) 980px, (min-width: 981px) and (max-width: 1280px) 1280px, (min-width: 1281px) 1500px, 100vw\" class=\"wp-image-1204\" \/><\/span><\/div>\n<\/div>\n\n<div class=\"et_pb_image_3 et_pb_image et_pb_module et_flex_module\"><span class=\"et_pb_image_wrap\"><img loading=\"lazy\" decoding=\"async\" src=\"https:\/\/amistadcuba.nl\/wp-content\/uploads\/2026\/06\/AmiMesa2.jpg\" title=\"AmiMesa\" width=\"1500\" height=\"845\" srcset=\"https:\/\/amistadcuba.nl\/wp-content\/uploads\/2026\/06\/AmiMesa2.jpg 1500w, https:\/\/amistadcuba.nl\/wp-content\/uploads\/2026\/06\/AmiMesa2-1280x721.jpg 1280w, https:\/\/amistadcuba.nl\/wp-content\/uploads\/2026\/06\/AmiMesa2-980x552.jpg 980w, https:\/\/amistadcuba.nl\/wp-content\/uploads\/2026\/06\/AmiMesa2-480x270.jpg 480w\" sizes=\"(min-width: 0px) and (max-width: 480px) 480px, (min-width: 481px) and (max-width: 980px) 980px, (min-width: 981px) and (max-width: 1280px) 1280px, (min-width: 1281px) 1500px, 100vw\" class=\"wp-image-1207\" \/><\/span><\/div>\n<\/div>\n<\/div>\n<\/div>\n\n<div class=\"et_pb_section_2 et_pb_section et_section_regular et_flex_section\">\n<div class=\"et_pb_row_2 et_pb_row et_block_row\">\n<div class=\"et_pb_column_2 et_pb_column et_pb_column_4_4 et_flex_column et_pb_css_mix_blend_mode_passthrough\">\n<div class=\"et_pb_text_3 et_pb_text et_pb_bg_layout_light et_pb_module et_flex_module\"><div class=\"et_pb_text_inner\"><h3><span style=\"color: #e09900;\"><strong>Schauen Sie unten f\u00fcr einen Bildbericht unseres allerersten AmiMesa, realisiert am Samstag, 13. Juni 2026.<\/strong><\/span><\/h3>\n<\/div><\/div>\n\n<div class=\"et_pb_video_slider_0 et_pb_video_slider et_pb_module\"><div class=\"et_pb_slider et_pb_preload et_pb_slider_carousel et_pb_slider_no_pagination et_pb_controls_light\"><div class=\"et_pb_slides\">\n<div class=\"et_pb_video_slider_item_0 et_pb_video_slider_item et_pb_slide et_pb_bg_layout_dark\" data-image=\"\/\/i.ytimg.com\/vi\/5XV7_cUMTiw\/hqdefault.jpg\"><div class=\"et_pb_video_wrap\"><div class=\"et_pb_video_box\"><iframe loading=\"lazy\" title=\"AmiMesa Holgu\u00edn, Kuba. 40 Leute am Tisch dank Freundschaft aus den Niederlanden. 13. Juni 2026\" width=\"1080\" height=\"608\" src=\"https:\/\/www.youtube.com\/embed\/5XV7_cUMTiw?feature=oembed\"  allow=\"accelerometer; autoplay; clipboard-write; encrypted-media; gyroscope; picture-in-picture; web-share\" referrerpolicy=\"strict-origin-when-cross-origin\" allowfullscreen><\/iframe><\/div><div class=\"et_pb_video_overlay\" style=\"background-image:url(\/\/i.ytimg.com\/vi\/5XV7_cUMTiw\/maxresdefault.jpg)\"><div class=\"et_pb_video_overlay_hover\"><a class=\"et_pb_video_play\" href=\"#\"><\/a><\/div><\/div><\/div><\/div>\n<\/div><\/div><\/div>\n\n<div class=\"et_pb_divider_0 et_pb_divider et_pb_space et_pb_divider_position_top et_pb_module\"><div class=\"et_pb_divider_internal\"><\/div><\/div>\n<\/div>\n\n<div class=\"et_pb_column_3 et_pb_column et_pb_column_4_4 et-last-child et_block_column et_pb_css_mix_blend_mode_passthrough\">\n<div class=\"et_pb_heading_0 et_pb_heading et_pb_module et_flex_module\"><div class=\"et_pb_heading_container\"><h3 class=\"et_pb_module_header\">Sehen Sie unten einen Bildbericht \u00fcber die zweite AmiMesa, realisiert am Samstag, den 18. Juli 2026.<\/h3><\/div><\/div>\n\n<div class=\"et_pb_video_0 et_pb_video et_pb_module et_flex_module\"><div class=\"et_pb_video_box\"><iframe loading=\"lazy\" title=\"AmiMesa Holgu\u00edn, Kuba 18.07.2026\" width=\"1080\" height=\"608\" src=\"https:\/\/www.youtube.com\/embed\/c8dKEf2OHfI?feature=oembed\"  allow=\"accelerometer; autoplay; clipboard-write; encrypted-media; gyroscope; picture-in-picture; web-share\" referrerpolicy=\"strict-origin-when-cross-origin\" allowfullscreen><\/iframe><\/div><\/div>\n<\/div>\n<\/div>\n<\/div>\n\n<div class=\"et_pb_section_3 et_pb_section et_section_regular et_flex_section\">\n<div class=\"et_pb_row_3 et_pb_row et_flex_row\">\n<div class=\"et_pb_column_4 et_pb_column et-last-child et_flex_column et_pb_css_mix_blend_mode_passthrough et_flex_column_24_24 et_flex_column_24_24_tablet et_flex_column_24_24_phone\">\n<div class=\"et_pb_text_4 et_pb_text et_pb_bg_layout_light et_pb_module et_flex_module\"><div class=\"et_pb_text_inner\"><p style=\"text-align: center;\"><span style=\"font-family: inherit;\"><strong><span style=\"color: #000000;\">AmiMesa zeigt, dass eine kleine Geste einen gro\u00dfen Unterschied machen kann. Mit einer einfachen warmen Mahlzeit geben wir nicht nur Nahrung, sondern auch Aufmerksamkeit, Begegnung und Hoffnung.<\/span><\/strong><\/span><\/p>\n<p style=\"text-align: center;\"><span style=\"color: #000000; font-family: inherit;\">Unser Traum ist es, AmiMesa zu einer wiederkehrenden Initiative an immer mehr Orten in Kuba wachsen zu lassen. Gemeinsam k\u00f6nnen wir sicherstellen, dass noch viel mehr Menschen erfahren, dass sie nicht allein sind.<\/span><\/p>\n<p style=\"text-align: center;\"><strong><span style=\"color: #000000; font-family: inherit;\">Mit Ihrer Spende machen Sie einen direkten Unterschied:<\/span><\/strong><\/p>\n<ul>\n<li style=\"text-align: center;\"><span style=\"color: #000000; font-family: inherit;\">10 \u20ac \u2013 helfen Sie mir mit ungef\u00e4hr 8 warmen Mahlzeiten.<\/span><\/li>\n<li style=\"text-align: center;\"><span style=\"color: #000000; font-family: inherit;\">20 \u20ac \u2013 erm\u00f6glicht ungef\u00e4hr 16 warme Mahlzeiten.<\/span><\/li>\n<li style=\"text-align: center;\"><span style=\"color: #000000; font-family: inherit;\">30 \u20ac \u2013 sorgt f\u00fcr ungef\u00e4hr 24 warme Mahlzeiten.<\/span><\/li>\n<li style=\"text-align: center;\"><span style=\"color: #000000; font-family: inherit;\">40 \u20ac \u2013 erm\u00f6glicht ungef\u00e4hr 32 warme Mahlzeiten.<\/span><\/li>\n<li style=\"text-align: center;\"><span style=\"color: #000000; font-family: inherit;\">50 \u20ac \u2013 gibt ungef\u00e4hr 40 Menschen eine warme und nahrhafte Mahlzeit.<\/span><\/li>\n<\/ul>\n<p style=\"text-align: center;\"><span style=\"color: #000000; font-family: inherit;\">Jeder Euro z\u00e4hlt. Jede Mahlzeit bedeutet ein L\u00e4cheln. Und jede Begegnung zeigt, dass Freundschaft, F\u00fcrsorge und Mitmenschlichkeit Grenzen \u00fcberschreiten.<\/span><\/p>\n<p style=\"text-align: center;\"><span style=\"color: #000000; font-family: inherit;\">Helfen Sie uns, AmiMesa zu einer herzerw\u00e4rmenden Initiative in ganz Kuba auszubauen. Gemeinsam stellen wir nicht nur Essen auf den Tisch, sondern geben auch Hoffnung.<\/span><\/p>\n<\/div><\/div>\n<\/div>\n<\/div>\n<\/div>\n\n<div class=\"et_pb_section_4 et_pb_section et_section_regular et_flex_section\">\n<div class=\"et_pb_row_4 et_pb_row et_flex_row\">\n<div class=\"et_pb_column_5 et_pb_column et-last-child et_flex_column et_pb_css_mix_blend_mode_passthrough et_flex_column_24_24 et_flex_column_24_24_tablet et_flex_column_24_24_phone\">\n<div class=\"et_pb_module et_pb_button_module_wrapper et_pb_button_0_wrapper\"><a class=\"et_pb_button_0 et_pb_button et_pb_bg_layout_dark et_pb_module et_flex_module\" href=\"https:\/\/bunq.me\/StichtingAmistadconCuba\">Sponser eine AmiMesa<\/a><\/div>\n<\/div>\n<\/div>\n<\/div>\n\n<div class=\"et_pb_section_5 et_pb_section et_section_regular et_flex_section\">\n<div class=\"et_pb_row_5 et_pb_row et_flex_row\">\n<div class=\"et_pb_column_6 et_pb_column et-last-child et_flex_column et_pb_css_mix_blend_mode_passthrough et_flex_column_24_24 et_flex_column_24_24_tablet et_flex_column_24_24_phone\">\n<div class=\"et_pb_icon_0 et_pb_icon et_pb_module et_flex_module\"><span class=\"et_pb_icon_wrap\"><span class=\"et-pb-icon\">\uf252<\/span><\/span><\/div>\n\n<div class=\"et_pb_text_5 et_pb_text et_pb_bg_layout_light et_pb_module et_flex_module\"><div class=\"et_pb_text_inner\"><p style=\"text-align: center;\"><strong><span style=\"color: #993300;\">N\u00e4chste AmiMesa:<\/span><\/strong><\/p>\n<p style=\"text-align: center;\"><strong><span style=\"color: #993300;\">August 2026<\/span><\/strong><\/p>\n<\/div><\/div>\n<\/div>\n<\/div>\n\n<div class=\"et_pb_row_6 et_pb_row et-vb-row--no-module et_flex_row\">\n<div class=\"et_pb_column_7 et_pb_column et-last-child et_flex_column et_pb_column_empty et_pb_css_mix_blend_mode_passthrough et_flex_column_24_24 et_flex_column_24_24_tablet et_flex_column_24_24_phone\"><\/div>\n<\/div>\n<\/div>","protected":false},"excerpt":{"rendered":"","protected":false},"author":1,"featured_media":981,"parent":0,"menu_order":0,"comment_status":"closed","ping_status":"closed","template":"","meta":{"give_campaign_id":0,"footnotes":""},"class_list":["post-980","page","type-page","status-publish","has-post-thumbnail","hentry"],"campaignId":"0","_links":{"self":[{"href":"https:\/\/amistadcuba.nl\/de\/wp-json\/wp\/v2\/pages\/980","targetHints":{"allow":["GET"]}}],"collection":[{"href":"https:\/\/amistadcuba.nl\/de\/wp-json\/wp\/v2\/pages"}],"about":[{"href":"https:\/\/amistadcuba.nl\/de\/wp-json\/wp\/v2\/types\/page"}],"author":[{"embeddable":true,"href":"https:\/\/amistadcuba.nl\/de\/wp-json\/wp\/v2\/users\/1"}],"replies":[{"embeddable":true,"href":"https:\/\/amistadcuba.nl\/de\/wp-json\/wp\/v2\/comments?post=980"}],"version-history":[{"count":0,"href":"https:\/\/amistadcuba.nl\/de\/wp-json\/wp\/v2\/pages\/980\/revisions"}],"wp:featuredmedia":[{"embeddable":true,"href":"https:\/\/amistadcuba.nl\/de\/wp-json\/wp\/v2\/media\/981"}],"wp:attachment":[{"href":"https:\/\/amistadcuba.nl\/de\/wp-json\/wp\/v2\/media?parent=980"}],"curies":[{"name":"wp","href":"https:\/\/api.w.org\/{rel}","templated":true}]}}