{"id":12,"date":"2026-03-06T13:42:53","date_gmt":"2026-03-06T13:42:53","guid":{"rendered":"https:\/\/amistadcuba.nl\/?page_id=12"},"modified":"2026-06-11T17:17:43","modified_gmt":"2026-06-11T17:17:43","slug":"home","status":"publish","type":"page","link":"https:\/\/amistadcuba.nl\/en\/","title":{"rendered":"Home"},"content":{"rendered":"<div class=\"et_pb_section_0 et_pb_section et_section_regular et_flex_section\">\n<div class=\"et_pb_row_0 et_pb_row et_flex_row\">\n<div class=\"et_pb_column_0 et_pb_column et-last-child et_flex_column et_pb_css_mix_blend_mode_passthrough et_flex_column_24_24 et_flex_column_24_24_tablet et_flex_column_24_24_phone\">\n<div class=\"et_pb_text_0 et_pb_text et_pb_bg_layout_dark et_pb_module et_flex_module\"><div class=\"et_pb_text_inner\"><h1 style=\"text-align: center;\">Stichting Amistad con Cuba<\/h1>\n<\/div><\/div>\n\n<div class=\"et_pb_text_1 et_pb_text et_pb_bg_layout_light et_pb_module et_flex_module\"><div class=\"et_pb_text_inner\"><p style=\"text-align: center;\">Vrienschap verandert levens &#8211; La amistad cambia vidas<\/p>\n<\/div><\/div>\n\n<div class=\"et_pb_module et_pb_button_module_wrapper et_pb_button_0_wrapper\"><a class=\"et_pb_button_0 et_pb_button et_pb_bg_layout_dark et_pb_module et_flex_module\" href=\"https:\/\/amistadcuba.nl\/doneren\">Steun ons werk<\/a><\/div>\n<\/div>\n<\/div>\n<\/div>\n\n<div class=\"et_pb_section_1 et_pb_section et_section_regular et_flex_section\">\n<div class=\"et_pb_row_1 et_pb_row et_flex_row\">\n<div class=\"et_pb_column_1 et_pb_column et-last-child et_flex_column et_pb_css_mix_blend_mode_passthrough et_flex_column_24_24 et_flex_column_24_24_tablet et_flex_column_24_24_phone\">\n<div class=\"et_pb_text_2 et_pb_text et_pb_bg_layout_light et_pb_module et_flex_module\"><div class=\"et_pb_text_inner\" data-et-mv-hidden-phone=\"true\"><h2>Het laatste nieuws<\/h2>\n<\/div><\/div>\n\n<div class=\"et_pb_blog_0 et_pb_blog et_pb_bg_layout_light et_pb_text_align_left-tablet et_pb_posts et_pb_module\"><div class=\"et_pb_ajax_pagination_container\"><div class=\"et_pb_posts et_grid_module\"><article class=\"et_pb_post et_pb_post_id_1363 clearfix et_pb_blog_item_0_0 post-1363 post type-post status-publish format-standard has-post-thumbnail hentry category-cuba-cases\"><div class=\"et_pb_image_container\"><a href=\"https:\/\/amistadcuba.nl\/en\/2026\/08\/31\/zeer-dringende-hulpoproep-familie-salcedo\/\" class=\"entry-featured-image-url\"><img loading=\"lazy\" decoding=\"async\" src=\"https:\/\/amistadcuba.nl\/wp-content\/uploads\/2026\/08\/Salcedofr.jpg\" width=\"400\" height=\"284\" alt=\"ZEER DRINGENDE HULPOPROEP \u2013 Familie Salcedo\" class=\"\" srcset=\"https:\/\/amistadcuba.nl\/wp-content\/uploads\/2026\/08\/Salcedofr.jpg 479w, https:\/\/amistadcuba.nl\/wp-content\/uploads\/2026\/08\/Salcedofr-400x284.jpg 480w\" sizes=\"(max-width:479px) 479px, 100vw\" \/><span data-icon=\"\ue050\" class=\"et_overlay et_pb_inline_icon\"><\/span><\/a><\/div><h2 class=\"entry-title\"><a href=\"https:\/\/amistadcuba.nl\/en\/2026\/08\/31\/zeer-dringende-hulpoproep-familie-salcedo\/\">ZEER DRINGENDE HULPOPROEP \u2013 Familie Salcedo<\/a><\/h2><p class=\"post-meta\"><span class=\"published\">Aug 31, 2026<\/span><\/p><div class=\"post-content\"><div class=\"post-content-inner\"><p>ZEER DRINGENDE HULPOPROEP \u2013 Familie Salcedo Een moeder en haar twee dochters (8 en 5) in Camag\u00fcey leven in zeer moeilijke omstandigheden. Het gezin heeft geen inkomen, weinig voedsel en geen familie of ander sociaal netwerk waarop het kan rekenen. Vooral de gezondheid&#8230;<\/p>\n<\/div><\/div><\/article><article class=\"et_pb_post et_pb_post_id_1352 clearfix et_pb_blog_item_0_1 post-1352 post type-post status-publish format-standard has-post-thumbnail hentry category-cuba-cases\"><div class=\"et_pb_image_container\"><a href=\"https:\/\/amistadcuba.nl\/en\/2026\/08\/30\/angel-daniel-9-heeft-dringend-medisch-onderzoek-nodig\/\" class=\"entry-featured-image-url\"><img loading=\"lazy\" decoding=\"async\" src=\"https:\/\/amistadcuba.nl\/wp-content\/uploads\/2026\/08\/Angel-2.jpg\" width=\"400\" height=\"284\" alt=\"\u00c1ngel Daniel (9) heeft dringend medisch onderzoek nodig\" class=\"\" srcset=\"https:\/\/amistadcuba.nl\/wp-content\/uploads\/2026\/08\/Angel-2.jpg 479w, https:\/\/amistadcuba.nl\/wp-content\/uploads\/2026\/08\/Angel-2-400x284.jpg 480w\" sizes=\"(max-width:479px) 479px, 100vw\" \/><span data-icon=\"\ue050\" class=\"et_overlay et_pb_inline_icon\"><\/span><\/a><\/div><h2 class=\"entry-title\"><a href=\"https:\/\/amistadcuba.nl\/en\/2026\/08\/30\/angel-daniel-9-heeft-dringend-medisch-onderzoek-nodig\/\">\u00c1ngel Daniel (9) heeft dringend medisch onderzoek nodig<\/a><\/h2><p class=\"post-meta\"><span class=\"published\">Aug 30, 2026<\/span><\/p><div class=\"post-content\"><div class=\"post-content-inner\"><p>\u00c1ngel Daniel (9) heeft dringend medisch onderzoek nodig \u00c1ngel Daniel is negen jaar oud en woont in de provincie Holgu\u00edn. Hij woont samen met zijn moeder, zijn voogd en zijn oudere zus. Zijn moeder werkt als zelfstandige in een kleine kiosk. Zijn voogd heeft momenteel&#8230;<\/p>\n<\/div><\/div><\/article><article class=\"et_pb_post et_pb_post_id_1332 clearfix et_pb_blog_item_0_2 post-1332 post type-post status-publish format-standard has-post-thumbnail hentry category-blog\"><div class=\"et_pb_image_container\"><a href=\"https:\/\/amistadcuba.nl\/en\/2026\/07\/29\/zonder-steun-of-middelen-maar-met-vertrouwen-het-verhaal-van-yariel-tamayo-een-alleenstaande-vader-in-bayamo-die-een-helpende-hand-vond\/\" class=\"entry-featured-image-url\"><img loading=\"lazy\" decoding=\"async\" src=\"https:\/\/amistadcuba.nl\/wp-content\/uploads\/2026\/07\/Yariel4.jpg\" width=\"400\" height=\"284\" alt=\"\u2018Zonder steun of middelen, maar met vertrouwen\u2019: het verhaal van Yariel Tamayo, een alleenstaande vader in Bayamo die een helpende hand vond\" class=\"\" srcset=\"https:\/\/amistadcuba.nl\/wp-content\/uploads\/2026\/07\/Yariel4.jpg 479w, https:\/\/amistadcuba.nl\/wp-content\/uploads\/2026\/07\/Yariel4-400x284.jpg 480w\" sizes=\"(max-width:479px) 479px, 100vw\" \/><span data-icon=\"\ue050\" class=\"et_overlay et_pb_inline_icon\"><\/span><\/a><\/div><h2 class=\"entry-title\"><a href=\"https:\/\/amistadcuba.nl\/en\/2026\/07\/29\/zonder-steun-of-middelen-maar-met-vertrouwen-het-verhaal-van-yariel-tamayo-een-alleenstaande-vader-in-bayamo-die-een-helpende-hand-vond\/\">\u2018Zonder steun of middelen, maar met vertrouwen\u2019: het verhaal van Yariel Tamayo, een alleenstaande vader in Bayamo die een helpende hand vond<\/a><\/h2><p class=\"post-meta\"><span class=\"published\">Jul 29, 2026<\/span><\/p><div class=\"post-content\"><div class=\"post-content-inner\"><p>\u2018Zonder steun of middelen, maar met vertrouwen\u2019: het verhaal van Yariel Tamayo, een alleenstaande vader in Bayamo die een helpende hand vond Door onze redactie Bayamo, Granma \u2013 28 juli 2026 Het leven van Yariel Tamayo Rodr\u00edguez weerspiegelt de stille strijd die veel&#8230;<\/p>\n<\/div><\/div><\/article><\/div><\/div><\/div>\n\n<div class=\"et_pb_module et_pb_button_module_wrapper et_pb_button_1_wrapper\"><a class=\"et_pb_button_1 et_pb_button et_pb_bg_layout_dark et_pb_module et_flex_module\" href=\"https:\/\/amistadcuba.nl\/latest-news\/\">Bekijk alle berichten<\/a><\/div>\n<\/div>\n<\/div>\n<\/div>\n\n<div class=\"et_pb_section_2 et_pb_section et_section_regular et_flex_section\">\n<div class=\"et_pb_row_2 et_pb_row et_flex_row\">\n<div class=\"et_pb_column_2 et_pb_column et_flex_column et_pb_css_mix_blend_mode_passthrough et_flex_column_12_24 et_flex_column_12_24_tablet et_flex_column_24_24_phone\">\n<div class=\"et_pb_text_3 et_pb_text et_pb_bg_layout_light et_pb_module et_flex_module\"><div class=\"et_pb_text_inner\" data-et-mv-hidden-phone=\"true\"><h2>Waarom Cuba hulp nodig heeft<\/h2>\n<\/div><\/div>\n\n<div class=\"et_pb_text_4 et_pb_text et_pb_bg_layout_light et_pb_module et_flex_module\"><div class=\"et_pb_text_inner\"><p>Cuba bevindt zich in een diepe sociale en economische crisis. Ernstige tekorten aan voedsel, medicijnen en elektriciteit bepalen het dagelijks leven. Voor veel gezinnen is toegang tot basisvoeding en noodzakelijke medicatie geen vanzelfsprekendheid meer.<\/p>\n<\/div><\/div>\n\n<div class=\"et_pb_text_5 et_pb_text et_pb_bg_layout_light et_pb_module et_flex_module\"><div class=\"et_pb_text_inner\"><p>Achter deze situatie staan echte mensen \u2014 ouderen, kinderen en gezinnen die steun nodig hebben.<\/p>\n<\/div><\/div>\n<\/div>\n\n<div class=\"et_pb_column_3 et_pb_column et-last-child et_flex_column et_pb_css_mix_blend_mode_passthrough et_flex_column_12_24 et_flex_column_12_24_tablet et_flex_column_24_24_phone\">\n<div class=\"et_pb_image_0 et_pb_image et_pb_module et_flex_module\"><span class=\"et_pb_image_wrap\"><img loading=\"lazy\" decoding=\"async\" width=\"2000\" height=\"1331\" src=\"https:\/\/amistadcuba.nl\/wp-content\/uploads\/2026\/03\/L1000825.jpg\" title=\"L1000825\" class=\"wp-image-37\" srcset=\"https:\/\/amistadcuba.nl\/wp-content\/uploads\/2026\/03\/L1000825.jpg 2000w, https:\/\/amistadcuba.nl\/wp-content\/uploads\/2026\/03\/L1000825-1280x852.jpg 1280w, https:\/\/amistadcuba.nl\/wp-content\/uploads\/2026\/03\/L1000825-980x652.jpg 980w, https:\/\/amistadcuba.nl\/wp-content\/uploads\/2026\/03\/L1000825-480x319.jpg 480w\" sizes=\"(min-width: 0px) and (max-width: 480px) 480px, (min-width: 481px) and (max-width: 980px) 980px, (min-width: 981px) and (max-width: 1280px) 1280px, (min-width: 1281px) 2000px, 100vw\" \/><\/span><\/div>\n<\/div>\n<\/div>\n<\/div>\n\n<div class=\"et_pb_section_3 et_pb_section et_section_regular et_flex_section\">\n<div class=\"et_pb_row_3 et_pb_row et_flex_row\">\n<div class=\"et_pb_column_4 et_pb_column et-last-child et_flex_column et_pb_css_mix_blend_mode_passthrough et_flex_column_24_24 et_flex_column_24_24_tablet et_flex_column_24_24_phone\">\n<div class=\"et_pb_text_6 et_pb_text et_pb_bg_layout_light et_pb_module et_flex_module\"><div class=\"et_pb_text_inner\"><p>Wat doen wij?<\/p>\n<\/div><\/div>\n\n<div class=\"et_pb_text_7 et_pb_text et_pb_bg_layout_light et_pb_module et_flex_module\"><div class=\"et_pb_text_inner\" data-et-mv-hidden-phone=\"true\"><h3>Directe hulp waar die het hardst nodig is<\/h3>\n<\/div><\/div>\n<\/div>\n<\/div>\n\n<div class=\"et_pb_row_4 et_pb_row et_flex_row\">\n<div class=\"et_pb_column_5 et_pb_column et_flex_column et_pb_css_mix_blend_mode_passthrough et_flex_column_8_24 et_flex_column_8_24_tablet et_flex_column_24_24_phone\">\n<div class=\"et_pb_image_1 et_pb_image et_pb_module et_flex_module\"><span class=\"et_pb_image_wrap\"><img loading=\"lazy\" decoding=\"async\" width=\"64\" height=\"64\" src=\"https:\/\/amistadcuba.nl\/wp-content\/uploads\/2026\/03\/icon-1.png\" title=\"icon 1\" class=\"wp-image-31\" \/><\/span><\/div>\n\n<div class=\"et_pb_text_8 et_pb_text et_pb_bg_layout_light et_pb_module et_flex_module\"><div class=\"et_pb_text_inner\"><h4 style=\"text-align: center;\">Gerichte distributie<\/h4>\n<\/div><\/div>\n\n<div class=\"et_pb_text_9 et_pb_text et_pb_bg_layout_light et_pb_module et_flex_module\"><div class=\"et_pb_text_inner\"><p style=\"text-align: center;\">Voedsel en medicijnen komen direct terecht bij gezinnen die het het hardst nodig hebben.<\/p>\n<\/div><\/div>\n<\/div>\n\n<div class=\"et_pb_column_6 et_pb_column et_flex_column et_pb_css_mix_blend_mode_passthrough et_flex_column_8_24 et_flex_column_8_24_tablet et_flex_column_24_24_phone\">\n<div class=\"et_pb_image_2 et_pb_image et_pb_module et_flex_module\"><span class=\"et_pb_image_wrap\"><img loading=\"lazy\" decoding=\"async\" width=\"64\" height=\"64\" src=\"https:\/\/amistadcuba.nl\/wp-content\/uploads\/2026\/03\/icon-2.png\" title=\"icon 2\" class=\"wp-image-32\" \/><\/span><\/div>\n\n<div class=\"et_pb_text_10 et_pb_text et_pb_bg_layout_light et_pb_module et_flex_module\"><div class=\"et_pb_text_inner\"><h4 style=\"text-align: center;\">Lokale samenwerking<\/h4>\n<\/div><\/div>\n\n<div class=\"et_pb_text_11 et_pb_text et_pb_bg_layout_light et_pb_module et_flex_module\"><div class=\"et_pb_text_inner\"><p style=\"text-align: center;\">We werken samen met lokale co\u00f6rdinatoren die de situatie ter plaatse kennen.<\/p>\n<\/div><\/div>\n<\/div>\n\n<div class=\"et_pb_column_7 et_pb_column et-last-child et_flex_column et_pb_css_mix_blend_mode_passthrough et_flex_column_8_24 et_flex_column_8_24_tablet et_flex_column_24_24_phone\">\n<div class=\"et_pb_image_3 et_pb_image et_pb_module et_flex_module\"><span class=\"et_pb_image_wrap\"><img loading=\"lazy\" decoding=\"async\" width=\"64\" height=\"64\" src=\"https:\/\/amistadcuba.nl\/wp-content\/uploads\/2026\/03\/icon-3.png\" title=\"icon 3\" class=\"wp-image-33\" \/><\/span><\/div>\n\n<div class=\"et_pb_text_12 et_pb_text et_pb_bg_layout_light et_pb_module et_flex_module\"><div class=\"et_pb_text_inner\"><h4 style=\"text-align: center;\">Transparante besteding<\/h4>\n<\/div><\/div>\n\n<div class=\"et_pb_text_13 et_pb_text et_pb_bg_layout_light et_pb_module et_flex_module\"><div class=\"et_pb_text_inner\"><p style=\"text-align: center;\">Elke euro wordt verantwoord en projectgericht ingezet. Geen overhead.<\/p>\n<\/div><\/div>\n<\/div>\n<\/div>\n\n<div class=\"et_pb_row_5 et_pb_row et_flex_row\">\n<div class=\"et_pb_column_8 et_pb_column et-last-child et_flex_column et_pb_css_mix_blend_mode_passthrough et_flex_column_24_24 et_flex_column_24_24_tablet et_flex_column_24_24_phone\">\n<div class=\"et_pb_text_14 et_pb_text et_pb_bg_layout_light et_pb_module et_flex_module\"><div class=\"et_pb_text_inner\"><h3 style=\"text-align: center;\">Hulp voor vandaag \u2014 perspectief voor morgen<\/h3>\n<\/div><\/div>\n\n<div class=\"et_pb_image_4 et_pb_image et_pb_module et_flex_module\"><a href=\"https:\/\/amistadcuba.nl\/voices-of-cuba\/\"><span class=\"et_pb_image_wrap\"><img loading=\"lazy\" decoding=\"async\" width=\"300\" height=\"300\" src=\"https:\/\/amistadcuba.nl\/wp-content\/uploads\/2026\/05\/Voices-300x300.png\" title=\"Voices of Cuba\" class=\"wp-image-567\" \/><\/span><\/a><\/div>\n\n<div class=\"et_pb_text_15 et_pb_text et_pb_bg_layout_light et_pb_module et_flex_module\"><div class=\"et_pb_text_inner\"><p style=\"text-align: center;\">Naast acute noodhulp ondersteunen we kleinschalige educatieve initiatieven. We geloven dat structurele verbetering alleen kan ontstaan als mensen de kans krijgen om te leren en zich te ontwikkelen.<\/p>\n<\/div><\/div>\n<\/div>\n<\/div>\n<\/div>\n\n<div class=\"et_pb_section_4 et_pb_section et_section_regular et_flex_section\">\n<div class=\"et_pb_row_6 et_pb_row et_flex_row\">\n<div class=\"et_pb_column_9 et_pb_column et_flex_column et_pb_css_mix_blend_mode_passthrough et_flex_column_12_24 et_flex_column_12_24_tablet et_flex_column_24_24_phone\">\n<div class=\"et_pb_image_5 et_pb_image et_pb_module et_flex_module\"><span class=\"et_pb_image_wrap\"><img loading=\"lazy\" decoding=\"async\" width=\"2000\" height=\"1331\" src=\"https:\/\/amistadcuba.nl\/wp-content\/uploads\/2026\/03\/L1000834.jpg\" title=\"L1000834\" class=\"wp-image-38\" srcset=\"https:\/\/amistadcuba.nl\/wp-content\/uploads\/2026\/03\/L1000834.jpg 2000w, https:\/\/amistadcuba.nl\/wp-content\/uploads\/2026\/03\/L1000834-1280x852.jpg 1280w, https:\/\/amistadcuba.nl\/wp-content\/uploads\/2026\/03\/L1000834-980x652.jpg 980w, https:\/\/amistadcuba.nl\/wp-content\/uploads\/2026\/03\/L1000834-480x319.jpg 480w\" sizes=\"(min-width: 0px) and (max-width: 480px) 480px, (min-width: 481px) and (max-width: 980px) 980px, (min-width: 981px) and (max-width: 1280px) 1280px, (min-width: 1281px) 2000px, 100vw\" \/><\/span><\/div>\n<\/div>\n\n<div class=\"et_pb_column_10 et_pb_column et-last-child et_flex_column et_pb_css_mix_blend_mode_passthrough et_flex_column_12_24 et_flex_column_12_24_tablet et_flex_column_24_24_phone\">\n<div class=\"et_pb_text_16 et_pb_text et_pb_bg_layout_light et_pb_module et_flex_module\"><div class=\"et_pb_text_inner\" data-et-mv-hidden-phone=\"true\"><h2>Zet jouw betrokkenheid om in concrete hulp<\/h2>\n<\/div><\/div>\n\n<div class=\"et_pb_text_17 et_pb_text et_pb_bg_layout_light et_pb_module et_flex_module\"><div class=\"et_pb_text_inner\"><p>Als vrijwilliger kun je op verschillende manieren bijdragen aan onze missie:<\/p>\n<\/div><\/div>\n\n<div class=\"et_pb_group_0 et_pb_group et_pb_module et_flex_group et_pb_css_mix_blend_mode_passthrough\">\n<div class=\"et_pb_group_1 et_pb_group et_pb_module et_flex_group et_pb_css_mix_blend_mode_passthrough\">\n<div class=\"et_pb_image_6 et_pb_image et_pb_module et_flex_module\"><span class=\"et_pb_image_wrap\"><img loading=\"lazy\" decoding=\"async\" width=\"40\" height=\"40\" src=\"https:\/\/amistadcuba.nl\/wp-content\/uploads\/2026\/03\/icon-4-1.png\" title=\"icon 4\" class=\"wp-image-77\" \/><\/span><\/div>\n\n<div class=\"et_pb_text_18 et_pb_text et_pb_bg_layout_light et_pb_module et_flex_module\"><div class=\"et_pb_text_inner\"><p>Fondsenwerving<\/p>\n<\/div><\/div>\n<\/div>\n\n<div class=\"et_pb_group_2 et_pb_group et_pb_module et_flex_group et_pb_css_mix_blend_mode_passthrough\">\n<div class=\"et_pb_image_7 et_pb_image et_pb_module et_flex_module\"><span class=\"et_pb_image_wrap\"><img loading=\"lazy\" decoding=\"async\" width=\"40\" height=\"40\" src=\"https:\/\/amistadcuba.nl\/wp-content\/uploads\/2026\/03\/icon-5-1.png\" title=\"icon 5\" class=\"wp-image-78\" \/><\/span><\/div>\n\n<div class=\"et_pb_text_19 et_pb_text et_pb_bg_layout_light et_pb_module et_flex_module\"><div class=\"et_pb_text_inner\"><p>Doneren<\/p>\n<\/div><\/div>\n<\/div>\n\n<div class=\"et_pb_group_3 et_pb_group et_pb_module et_flex_group et_pb_css_mix_blend_mode_passthrough\">\n<div class=\"et_pb_image_8 et_pb_image et_pb_module et_flex_module\"><span class=\"et_pb_image_wrap\"><img loading=\"lazy\" decoding=\"async\" width=\"40\" height=\"40\" src=\"https:\/\/amistadcuba.nl\/wp-content\/uploads\/2026\/03\/icon-6.png\" title=\"icon 6\" class=\"wp-image-79\" \/><\/span><\/div>\n\n<div class=\"et_pb_text_20 et_pb_text et_pb_bg_layout_light et_pb_module et_flex_module\"><div class=\"et_pb_text_inner\"><p>Geld inzamelen \/ Collecteren<\/p>\n<\/div><\/div>\n<\/div>\n\n<div class=\"et_pb_group_4 et_pb_group et-last-child et_pb_module et_flex_group et_pb_css_mix_blend_mode_passthrough\">\n<div class=\"et_pb_image_9 et_pb_image et_pb_module et_flex_module\"><span class=\"et_pb_image_wrap\"><img loading=\"lazy\" decoding=\"async\" width=\"40\" height=\"40\" src=\"https:\/\/amistadcuba.nl\/wp-content\/uploads\/2026\/03\/icon-7.png\" title=\"icon 7\" class=\"wp-image-80\" \/><\/span><\/div>\n\n<div class=\"et_pb_text_21 et_pb_text et_pb_bg_layout_light et_pb_module et_flex_module\"><div class=\"et_pb_text_inner\"><p dir=\"auto\">Helpen bij acties<\/p>\n<\/div><\/div>\n<\/div>\n<\/div>\n\n<div class=\"et_pb_module et_pb_button_module_wrapper et_pb_button_2_wrapper\"><a class=\"et_pb_button_2 et_pb_button et_pb_bg_layout_dark et_pb_module et_flex_module\" href=\"mailto:vrijwilliger@amistadcuba.nl?subject=Vrijwilliger%20worden\">Word vrijwilliger<\/a><\/div>\n<\/div>\n<\/div>\n<\/div>\n\n<div class=\"et_pb_section_5 et_pb_section et_section_regular et_flex_section\">\n<div class=\"et_pb_row_7 et_pb_row et_flex_row\">\n<div class=\"et_pb_column_11 et_pb_column et-last-child et_flex_column et_pb_css_mix_blend_mode_passthrough et_flex_column_24_24 et_flex_column_24_24_tablet et_flex_column_24_24_phone\">\n<div class=\"et_pb_text_22 et_pb_text et_pb_bg_layout_light et_pb_module et_flex_module\"><div class=\"et_pb_text_inner\" data-et-mv-hidden-phone=\"true\"><h2>Humanitaire Cases<\/h2>\n<\/div><\/div>\n\n<div class=\"et_pb_text_23 et_pb_text et_pb_bg_layout_light et_pb_module et_flex_module\"><div class=\"et_pb_text_inner\"><section class=\"text-token-text-primary w-full focus:outline-none [--shadow-height:45px] has-data-writing-block:pointer-events-none has-data-writing-block:-mt-(--shadow-height) has-data-writing-block:pt-(--shadow-height) [&amp;:has([data-writing-block])&gt;*]:pointer-events-auto [content-visibility:auto] supports-[content-visibility:auto]:[contain-intrinsic-size:auto_100lvh] R6Vx5W_threadScrollVars scroll-mb-[calc(var(--scroll-root-safe-area-inset-bottom,0px)+var(--thread-response-height))] scroll-mt-[calc(var(--header-height)+min(200px,max(70px,20svh)))]\" dir=\"auto\" data-turn-id=\"request-WEB:622161a5-90d3-4a93-950a-2123d79cfb25-3\" data-testid=\"conversation-turn-4\" data-scroll-anchor=\"false\" data-turn=\"assistant\">\n<div class=\"text-base my-auto mx-auto pb-10 [--thread-content-margin:var(--thread-content-margin-xs,calc(var(--spacing)*4))] @w-sm\/main:[--thread-content-margin:var(--thread-content-margin-sm,calc(var(--spacing)*6))] @w-lg\/main:[--thread-content-margin:var(--thread-content-margin-lg,calc(var(--spacing)*16))] px-(--thread-content-margin)\">\n<div class=\"[--thread-content-max-width:40rem] @w-lg\/main:[--thread-content-max-width:48rem] mx-auto max-w-(--thread-content-max-width) flex-1 group\/turn-messages focus-visible:outline-hidden relative flex w-full min-w-0 flex-col agent-turn\">\n<div class=\"flex max-w-full flex-col gap-4 grow\">\n<div data-message-author-role=\"assistant\" data-message-id=\"53dae1ae-3bb0-4a03-b256-44ed69223a26\" dir=\"auto\" data-message-model-slug=\"gpt-5-5-thinking\" class=\"min-h-8 text-message relative flex w-full flex-col items-end gap-2 text-start break-words whitespace-normal outline-none keyboard-focused:focus-ring [.text-message+&amp;]:mt-1\" data-turn-start-message=\"true\" tabindex=\"0\">\n<div class=\"flex w-full flex-col gap-1 empty:hidden\">\n<div class=\"markdown prose dark:prose-invert w-full wrap-break-word dark markdown-new-styling\">\n<p data-start=\"35\" data-end=\"184\" data-is-last-node=\"\" data-is-only-node=\"\" style=\"text-align: center;\">Lees hoe Stichting Amistad con Cuba mensen in Cuba ondersteunt met humanitaire hulp, dankzij de inzet van donateurs en vrijwilligers.<\/p>\n<\/div>\n<\/div>\n<\/div>\n<\/div>\n<\/div>\n<\/div>\n<\/section>\n<\/div><\/div>\n\n<div class=\"et_pb_blog_1 et_pb_blog et_pb_bg_layout_light et_pb_posts et_pb_module\"><div class=\"et_pb_ajax_pagination_container\"><div class=\"et_pb_posts et_grid_module\"><article class=\"et_pb_post et_pb_post_id_1363 clearfix et_pb_blog_item_1_0 post-1363 post type-post status-publish format-standard has-post-thumbnail hentry category-cuba-cases\"><div class=\"et_pb_image_container\"><a href=\"https:\/\/amistadcuba.nl\/en\/2026\/08\/31\/zeer-dringende-hulpoproep-familie-salcedo\/\" class=\"entry-featured-image-url\"><img loading=\"lazy\" decoding=\"async\" src=\"https:\/\/amistadcuba.nl\/wp-content\/uploads\/2026\/08\/Salcedofr.jpg\" width=\"400\" height=\"284\" alt=\"ZEER DRINGENDE HULPOPROEP \u2013 Familie Salcedo\" class=\"\" srcset=\"https:\/\/amistadcuba.nl\/wp-content\/uploads\/2026\/08\/Salcedofr.jpg 479w, https:\/\/amistadcuba.nl\/wp-content\/uploads\/2026\/08\/Salcedofr-400x284.jpg 480w\" sizes=\"(max-width:479px) 479px, 100vw\" \/><span data-icon=\"\ue050\" class=\"et_overlay et_pb_inline_icon\"><\/span><\/a><\/div><h2 class=\"entry-title\"><a href=\"https:\/\/amistadcuba.nl\/en\/2026\/08\/31\/zeer-dringende-hulpoproep-familie-salcedo\/\">ZEER DRINGENDE HULPOPROEP \u2013 Familie Salcedo<\/a><\/h2><p class=\"post-meta\"><span class=\"published\">Aug 31, 2026<\/span><\/p><div class=\"post-content\"><div class=\"post-content-inner\"><p>ZEER DRINGENDE HULPOPROEP \u2013 Familie Salcedo Een moeder en haar twee dochters (8 en 5) in Camag\u00fcey&#8230;<\/p>\n<\/div><\/div><\/article><article class=\"et_pb_post et_pb_post_id_1352 clearfix et_pb_blog_item_1_1 post-1352 post type-post status-publish format-standard has-post-thumbnail hentry category-cuba-cases\"><div class=\"et_pb_image_container\"><a href=\"https:\/\/amistadcuba.nl\/en\/2026\/08\/30\/angel-daniel-9-heeft-dringend-medisch-onderzoek-nodig\/\" class=\"entry-featured-image-url\"><img loading=\"lazy\" decoding=\"async\" src=\"https:\/\/amistadcuba.nl\/wp-content\/uploads\/2026\/08\/Angel-2.jpg\" width=\"400\" height=\"284\" alt=\"\u00c1ngel Daniel (9) heeft dringend medisch onderzoek nodig\" class=\"\" srcset=\"https:\/\/amistadcuba.nl\/wp-content\/uploads\/2026\/08\/Angel-2.jpg 479w, https:\/\/amistadcuba.nl\/wp-content\/uploads\/2026\/08\/Angel-2-400x284.jpg 480w\" sizes=\"(max-width:479px) 479px, 100vw\" \/><span data-icon=\"\ue050\" class=\"et_overlay et_pb_inline_icon\"><\/span><\/a><\/div><h2 class=\"entry-title\"><a href=\"https:\/\/amistadcuba.nl\/en\/2026\/08\/30\/angel-daniel-9-heeft-dringend-medisch-onderzoek-nodig\/\">\u00c1ngel Daniel (9) heeft dringend medisch onderzoek nodig<\/a><\/h2><p class=\"post-meta\"><span class=\"published\">Aug 30, 2026<\/span><\/p><div class=\"post-content\"><div class=\"post-content-inner\"><p>\u00c1ngel Daniel (9) heeft dringend medisch onderzoek nodig \u00c1ngel Daniel is negen jaar oud en woont in&#8230;<\/p>\n<\/div><\/div><\/article><article class=\"et_pb_post et_pb_post_id_1332 clearfix et_pb_blog_item_1_2 post-1332 post type-post status-publish format-standard has-post-thumbnail hentry category-blog\"><div class=\"et_pb_image_container\"><a href=\"https:\/\/amistadcuba.nl\/en\/2026\/07\/29\/zonder-steun-of-middelen-maar-met-vertrouwen-het-verhaal-van-yariel-tamayo-een-alleenstaande-vader-in-bayamo-die-een-helpende-hand-vond\/\" class=\"entry-featured-image-url\"><img loading=\"lazy\" decoding=\"async\" src=\"https:\/\/amistadcuba.nl\/wp-content\/uploads\/2026\/07\/Yariel4.jpg\" width=\"400\" height=\"284\" alt=\"\u2018Zonder steun of middelen, maar met vertrouwen\u2019: het verhaal van Yariel Tamayo, een alleenstaande vader in Bayamo die een helpende hand vond\" class=\"\" srcset=\"https:\/\/amistadcuba.nl\/wp-content\/uploads\/2026\/07\/Yariel4.jpg 479w, https:\/\/amistadcuba.nl\/wp-content\/uploads\/2026\/07\/Yariel4-400x284.jpg 480w\" sizes=\"(max-width:479px) 479px, 100vw\" \/><span data-icon=\"\ue050\" class=\"et_overlay et_pb_inline_icon\"><\/span><\/a><\/div><h2 class=\"entry-title\"><a href=\"https:\/\/amistadcuba.nl\/en\/2026\/07\/29\/zonder-steun-of-middelen-maar-met-vertrouwen-het-verhaal-van-yariel-tamayo-een-alleenstaande-vader-in-bayamo-die-een-helpende-hand-vond\/\">\u2018Zonder steun of middelen, maar met vertrouwen\u2019: het verhaal van Yariel Tamayo, een alleenstaande vader in Bayamo die een helpende hand vond<\/a><\/h2><p class=\"post-meta\"><span class=\"published\">Jul 29, 2026<\/span><\/p><div class=\"post-content\"><div class=\"post-content-inner\"><p>\u2018Zonder steun of middelen, maar met vertrouwen\u2019: het verhaal van Yariel Tamayo, een alleenstaande&#8230;<\/p>\n<\/div><\/div><\/article><article class=\"et_pb_post et_pb_post_id_1318 clearfix et_pb_blog_item_1_3 post-1318 post type-post status-publish format-standard has-post-thumbnail hentry category-cuba-cases\"><div class=\"et_pb_image_container\"><a href=\"https:\/\/amistadcuba.nl\/en\/2026\/07\/29\/help-ana-alejandra-5-naar-het-ziekenhuis-in-havana\/\" class=\"entry-featured-image-url\"><img loading=\"lazy\" decoding=\"async\" src=\"https:\/\/amistadcuba.nl\/wp-content\/uploads\/2026\/07\/Ana.jpg\" width=\"400\" height=\"284\" alt=\"Help Ana Alejandra (5) naar het ziekenhuis in Havana\" class=\"\" srcset=\"https:\/\/amistadcuba.nl\/wp-content\/uploads\/2026\/07\/Ana.jpg 479w, https:\/\/amistadcuba.nl\/wp-content\/uploads\/2026\/07\/Ana-400x284.jpg 480w\" sizes=\"(max-width:479px) 479px, 100vw\" \/><span data-icon=\"\ue050\" class=\"et_overlay et_pb_inline_icon\"><\/span><\/a><\/div><h2 class=\"entry-title\"><a href=\"https:\/\/amistadcuba.nl\/en\/2026\/07\/29\/help-ana-alejandra-5-naar-het-ziekenhuis-in-havana\/\">Help Ana Alejandra (5) naar het ziekenhuis in Havana<\/a><\/h2><p class=\"post-meta\"><span class=\"published\">Jul 29, 2026<\/span><\/p><div class=\"post-content\"><div class=\"post-content-inner\"><p>Help Ana Alejandra (5) naar het ziekenhuis in Havana Ana Alejandra is een meisje van vijf jaar uit&#8230;<\/p>\n<\/div><\/div><\/article><article class=\"et_pb_post et_pb_post_id_1277 clearfix et_pb_blog_item_1_4 post-1277 post type-post status-publish format-standard has-post-thumbnail hentry category-cuba-cases\"><div class=\"et_pb_image_container\"><a href=\"https:\/\/amistadcuba.nl\/en\/2026\/07\/14\/hulppakket-voor-yuniel-en-zijn-moeder-in-santa-lucia\/\" class=\"entry-featured-image-url\"><img loading=\"lazy\" decoding=\"async\" src=\"https:\/\/amistadcuba.nl\/wp-content\/uploads\/2026\/07\/Yuniel-en-mama.jpg\" width=\"400\" height=\"284\" alt=\"Hulppakket voor Yuniel en zijn moeder in Santa Luc\u00eda\" class=\"\" srcset=\"https:\/\/amistadcuba.nl\/wp-content\/uploads\/2026\/07\/Yuniel-en-mama.jpg 479w, https:\/\/amistadcuba.nl\/wp-content\/uploads\/2026\/07\/Yuniel-en-mama-400x284.jpg 480w\" sizes=\"(max-width:479px) 479px, 100vw\" \/><span data-icon=\"\ue050\" class=\"et_overlay et_pb_inline_icon\"><\/span><\/a><\/div><h2 class=\"entry-title\"><a href=\"https:\/\/amistadcuba.nl\/en\/2026\/07\/14\/hulppakket-voor-yuniel-en-zijn-moeder-in-santa-lucia\/\">Hulppakket voor Yuniel en zijn moeder in Santa Luc\u00eda<\/a><\/h2><p class=\"post-meta\"><span class=\"published\">Jul 14, 2026<\/span><\/p><div class=\"post-content\"><div class=\"post-content-inner\"><p>Hulppakket voor Yuniel en zijn moeder in Santa Luc\u00eda Afgelopen weekend heeft Stichting Amistad Con&#8230;<\/p>\n<\/div><\/div><\/article><article class=\"et_pb_post et_pb_post_id_1245 clearfix et_pb_blog_item_1_5 post-1245 post type-post status-publish format-standard has-post-thumbnail hentry category-blog\"><div class=\"et_pb_image_container\"><a href=\"https:\/\/amistadcuba.nl\/en\/2026\/07\/07\/opnieuw-hulp-voor-twee-kwetsbare-gezinnen-in-holguin\/\" class=\"entry-featured-image-url\"><img loading=\"lazy\" decoding=\"async\" src=\"https:\/\/amistadcuba.nl\/wp-content\/uploads\/2026\/07\/Heili-6-7-26-fr.jpg\" width=\"400\" height=\"284\" alt=\"Opnieuw hulp voor twee kwetsbare gezinnen in Holgu\u00edn\" class=\"\" srcset=\"https:\/\/amistadcuba.nl\/wp-content\/uploads\/2026\/07\/Heili-6-7-26-fr.jpg 479w, https:\/\/amistadcuba.nl\/wp-content\/uploads\/2026\/07\/Heili-6-7-26-fr-400x284.jpg 480w\" sizes=\"(max-width:479px) 479px, 100vw\" \/><span data-icon=\"\ue050\" class=\"et_overlay et_pb_inline_icon\"><\/span><\/a><\/div><h2 class=\"entry-title\"><a href=\"https:\/\/amistadcuba.nl\/en\/2026\/07\/07\/opnieuw-hulp-voor-twee-kwetsbare-gezinnen-in-holguin\/\">Opnieuw hulp voor twee kwetsbare gezinnen in Holgu\u00edn<\/a><\/h2><p class=\"post-meta\"><span class=\"published\">Jul 7, 2026<\/span><\/p><div class=\"post-content\"><div class=\"post-content-inner\"><p>Opnieuw hulp voor twee kwetsbare gezinnen in Holgu\u00edn De afgelopen twee dagen hebben onze&#8230;<\/p>\n<\/div><\/div><\/article><\/div><\/div><\/div>\n\n<div class=\"et_pb_module et_pb_button_module_wrapper et_pb_button_3_wrapper\"><a class=\"et_pb_button_3 et_pb_button et_pb_bg_layout_dark et_pb_module et_flex_module\" href=\"https:\/\/bunq.me\/StichtingAmistadconCuba\">Help direct<\/a><\/div>\n<\/div>\n<\/div>\n<\/div>\n\n<div class=\"et_pb_section_6 et_pb_section et_section_regular et_flex_section\">\n<div class=\"et_pb_row_8 et_pb_row et_flex_row\">\n<div class=\"et_pb_column_12 et_pb_column et_flex_column et_pb_css_mix_blend_mode_passthrough et_flex_column_12_24 et_flex_column_12_24_tablet et_flex_column_24_24_phone\">\n<div class=\"et_pb_image_10 et_pb_image et_pb_module et_flex_module\"><span class=\"et_pb_image_wrap\"><img loading=\"lazy\" decoding=\"async\" width=\"1024\" height=\"1024\" src=\"https:\/\/amistadcuba.nl\/wp-content\/uploads\/2026\/05\/ANBI-Amistad-1024x1024.png\" title=\"ANBI-Amistad\" class=\"wp-image-737\" \/><\/span><\/div>\n<\/div>\n\n<div class=\"et_pb_column_13 et_pb_column et-last-child et_flex_column et_pb_css_mix_blend_mode_passthrough et_flex_column_12_24 et_flex_column_12_24_tablet et_flex_column_24_24_phone\">\n<div class=\"et_pb_text_24 et_pb_text et_pb_bg_layout_light et_pb_module et_flex_module\"><div class=\"et_pb_text_inner\"><h4><span style=\"color: #e09900;\"><strong><span style=\"font-family: inherit;\">ANBI-status<\/span><\/strong><\/span><\/h4>\n<p><span style=\"color: #000000; font-family: inherit; font-weight: normal;\">Stichting Amistad con Cuba is officieel erkend als ANBI (Algemeen Nut Beogende Instelling).<\/span><\/p>\n<p><span style=\"color: #000000; font-family: inherit; font-weight: normal;\">Een ANBI-status is een offici\u00eble erkenning van de Nederlandse Belastingdienst voor organisaties die zich inzetten voor het algemeen nut.<\/span><\/p>\n<p><span style=\"color: #000000; font-family: inherit; font-weight: normal;\">Wat betekent dit concreet?<\/span><\/p>\n<p><span style=\"color: #e09900;\"><strong><span style=\"font-family: inherit;\">Betrouwbaarheid &amp; transparantie<\/span><\/strong><\/span><br \/><span style=\"color: #000000; font-family: inherit; font-weight: normal;\">De ANBI-status laat zien dat onze stichting voldoet aan belangrijke eisen op het gebied van transparantie, bestuur en maatschappelijke inzet.<\/span><\/p>\n<p><span style=\"color: #e09900;\"><strong><span style=\"font-family: inherit;\">Algemeen nut<\/span><\/strong><\/span><br \/><span style=\"color: #000000; font-family: inherit; font-weight: normal;\">Onze stichting zet zich in voor directe, menselijke en concrete hulp aan mensen in Cuba, daar waar het \u00e9cht nodig is.<\/span><\/p>\n<p><span style=\"color: #e09900;\"><strong><span style=\"font-family: inherit;\">Fiscaal voordeel voor donateurs<\/span><\/strong><\/span><br \/><span style=\"color: #000000; font-family: inherit; font-weight: normal;\">In veel gevallen kunnen giften aan een ANBI fiscaal aftrekbaar zijn volgens de Nederlandse belastingregels.<\/span><\/p>\n<p><span style=\"color: #e09900;\"><strong><span style=\"font-family: inherit;\">Verantwoordelijkheid<\/span><\/strong><\/span><br \/><span style=\"color: #000000; font-family: inherit; font-weight: normal;\">Als ANBI blijven wij transparant over onze doelstellingen, activiteiten en financi\u00eble verantwoording.<\/span><\/p>\n<p><span style=\"color: #000000; font-family: inherit; font-weight: normal;\">Voor Stichting Amistad con Cuba is deze erkenning een belangrijke stap in het verder bouwen aan een betrouwbare, menselijke en transparante hulporganisatie.<\/span><\/p>\n<\/div><\/div>\n<\/div>\n<\/div>\n\n<div class=\"et_pb_row_9 et_pb_row et_flex_row\">\n<div class=\"et_pb_column_14 et_pb_column et-last-child et_flex_column et_pb_css_mix_blend_mode_passthrough et_flex_column_24_24 et_flex_column_24_24_tablet et_flex_column_24_24_phone\">\n<div class=\"et_pb_text_25 et_pb_text et_pb_bg_layout_light et_pb_module et_flex_module\"><div class=\"et_pb_text_inner\"><p style=\"text-align: center;\"><strong><a href=\"https:\/\/www.belastingdienst.nl\/wps\/wcm\/connect\/nl\/aftrek-en-kortingen\/content\/anbi-status-controleren\"><span style=\"color: #0c71c3;\">Belastingdienst &#8211; ANBI-status controleren<\/span><\/a><\/strong><\/p>\n<\/div><\/div>\n<\/div>\n<\/div>\n<\/div>","protected":false},"excerpt":{"rendered":"","protected":false},"author":2,"featured_media":0,"parent":0,"menu_order":0,"comment_status":"closed","ping_status":"closed","template":"","meta":{"give_campaign_id":0,"footnotes":""},"class_list":["post-12","page","type-page","status-publish","hentry"],"campaignId":"","_links":{"self":[{"href":"https:\/\/amistadcuba.nl\/en\/wp-json\/wp\/v2\/pages\/12","targetHints":{"allow":["GET"]}}],"collection":[{"href":"https:\/\/amistadcuba.nl\/en\/wp-json\/wp\/v2\/pages"}],"about":[{"href":"https:\/\/amistadcuba.nl\/en\/wp-json\/wp\/v2\/types\/page"}],"author":[{"embeddable":true,"href":"https:\/\/amistadcuba.nl\/en\/wp-json\/wp\/v2\/users\/2"}],"replies":[{"embeddable":true,"href":"https:\/\/amistadcuba.nl\/en\/wp-json\/wp\/v2\/comments?post=12"}],"version-history":[{"count":0,"href":"https:\/\/amistadcuba.nl\/en\/wp-json\/wp\/v2\/pages\/12\/revisions"}],"wp:attachment":[{"href":"https:\/\/amistadcuba.nl\/en\/wp-json\/wp\/v2\/media?parent=12"}],"curies":[{"name":"WP","href":"https:\/\/api.w.org\/{rel}","templated":true}]}}