{"id":980,"date":"2026-07-10T20:14:41","date_gmt":"2026-07-10T20:14:41","guid":{"rendered":"https:\/\/amistadcuba.nl\/?page_id=980"},"modified":"2026-07-29T18:59:21","modified_gmt":"2026-07-29T18:59:21","slug":"amimesa-2","status":"publish","type":"page","link":"https:\/\/amistadcuba.nl\/es\/amimesa-2\/","title":{"rendered":"\"AmiMesa\""},"content":{"rendered":"<div class=\"et_pb_section_0 et_pb_section et_section_regular et_block_section\">\n<div class=\"et_pb_row_0 et_pb_row et_block_row\">\n<div class=\"et_pb_column_0 et_pb_column et_pb_column_4_4 et-last-child et_block_column et_pb_css_mix_blend_mode_passthrough\">\n<div class=\"et_pb_text_0 et_pb_text et_pb_bg_layout_light et_pb_module et_flex_module\"><div class=\"et_pb_text_inner\"><h1>\"AmiMesa\"<\/h1>\n<\/div><\/div>\n\n<div class=\"et_pb_image_0 et_pb_image et_pb_module et_flex_module\"><span class=\"et_pb_image_wrap\"><img loading=\"lazy\" decoding=\"async\" src=\"https:\/\/amistadcuba.nl\/wp-content\/uploads\/2026\/05\/AmiMesa-1024x683.jpg\" title=\"&quot;AmiMesa&quot;\" width=\"1024\" height=\"683\" srcset=\"https:\/\/amistadcuba.nl\/wp-content\/uploads\/2026\/05\/AmiMesa-980x653.jpg 980w, https:\/\/amistadcuba.nl\/wp-content\/uploads\/2026\/05\/AmiMesa-480x320.jpg 480w\" sizes=\"(min-width: 0px) and (max-width: 480px) 480px, (min-width: 481px) and (max-width: 980px) 980px, (min-width: 981px) 1024px, 100vw\" class=\"wp-image-981\" \/><\/span><\/div>\n\n<div class=\"et_pb_text_1 et_pb_text et_pb_bg_layout_light et_pb_module et_flex_module\"><div class=\"et_pb_text_inner\"><h3 style=\"text-align: center;\"><span style=\"color: #000000;\"><strong>AmiMesa no es solo un plato de comida.<\/strong><\/span><\/h3>\n<h3 style=\"text-align: center;\"><span style=\"color: #000000;\"><strong>Es una mesa donde se comparten la amistad, la dignidad y la esperanza.<\/strong><\/span><\/h3>\n<\/div><\/div>\n<\/div>\n<\/div>\n<\/div>\n\n<div class=\"et_pb_section_1 et_pb_section et_section_regular et_flex_section\">\n<div class=\"et_pb_row_1 et_pb_row et_flex_row\">\n<div class=\"et_pb_column_1 et_pb_column et-last-child et_flex_column et_pb_css_mix_blend_mode_passthrough et_flex_column_24_24 et_flex_column_24_24_tablet et_flex_column_24_24_phone\">\n<div class=\"et_pb_text_2 et_pb_text et_pb_bg_layout_light et_pb_module et_flex_module\"><div class=\"et_pb_text_inner\"><p style=\"text-align: center;\"><span style=\"font-family: inherit;\"><strong><span style=\"color: #000000;\">El s\u00e1bado 13 de junio de 2026 se celebr\u00f3 en Holgu\u00edn la primera AmiMesa. Gracias al apoyo de nuestros donantes, 38 personas en dif\u00edciles circunstancias pudieron disfrutar de una comida caliente y saludable. Fue un d\u00eda especial lleno de encuentro, gratitud y conexi\u00f3n.<\/span><\/strong><\/span><span style=\"font-family: inherit;\"><strong><span style=\"color: #000000;\"><\/span><\/strong><\/span><\/p>\n<p style=\"text-align: center;\"><span style=\"color: #000000; font-family: inherit;\">AmiMesa es mucho m\u00e1s que una simple comida. Es un momento en el que las personas se re\u00fanen, se conocen y experimentan que no est\u00e1n solas. A la mesa, todos son iguales. Se come, se habla, se r\u00ede y se escucha juntos. En un pa\u00eds donde muchas personas se enfrentan a diario a la pobreza y a las carencias, una reuni\u00f3n tan sencilla puede marcar una gran diferencia.<\/span><\/p>\n<p style=\"text-align: center;\"><span style=\"color: #000000; font-family: inherit;\">Lo especial de AmiMesa es que con menos de 50 \u20ac podemos ofrecer una comida nutritiva a unas 40 personas. Por lo tanto, es un proyecto a peque\u00f1a escala con un gran impacto. Cada donaci\u00f3n, grande o peque\u00f1a, nos ayuda a organizar otro AmiMesa y a brindar a las personas un momento de encuentro, atenci\u00f3n y esperanza.<\/span><\/p>\n<p style=\"text-align: center;\"><span style=\"color: #000000; font-family: inherit;\">AmiMesa demuestra que la ayuda no tiene que ser siempre grande o complicada. A veces, el verdadero cambio comienza con algo muy simple: una mesa, una comida caliente y una sincera atenci\u00f3n mutua.<\/span><\/p>\n<p style=\"text-align: center;\"><span style=\"color: #000000; font-family: inherit;\">Juntos compartimos no solo comida, sino tambi\u00e9n amistad, respeto y esperanza. Esa es la fuerza de AmiMesa.<\/span><\/p>\n<\/div>\n<div class=\"et_pb_image_1 et_pb_image et_pb_module et_flex_module\"><span class=\"et_pb_image_wrap\"><img loading=\"lazy\" decoding=\"async\" src=\"https:\/\/amistadcuba.nl\/wp-content\/uploads\/2026\/06\/AmiMesa11.jpg\" title=\"&quot;AmiMesa&quot;\" width=\"1500\" height=\"844\" srcset=\"https:\/\/amistadcuba.nl\/wp-content\/uploads\/2026\/06\/AmiMesa11.jpg 1500w, https:\/\/amistadcuba.nl\/wp-content\/uploads\/2026\/06\/AmiMesa11-1280x720.jpg 1280w, https:\/\/amistadcuba.nl\/wp-content\/uploads\/2026\/06\/AmiMesa11-980x551.jpg 980w, https:\/\/amistadcuba.nl\/wp-content\/uploads\/2026\/06\/AmiMesa11-480x270.jpg 480w\" sizes=\"(min-width: 0px) and (max-width: 480px) 480px, (min-width: 481px) and (max-width: 980px) 980px, (min-width: 981px) and (max-width: 1280px) 1280px, (min-width: 1281px) 1500px, 100vw\" class=\"wp-image-1200\" \/><\/span><\/div>\n\n<div class=\"et_pb_image_2 et_pb_image et_pb_module et_flex_module\"><span class=\"et_pb_image_wrap\"><img loading=\"lazy\" decoding=\"async\" src=\"https:\/\/amistadcuba.nl\/wp-content\/uploads\/2026\/06\/AmiMesa3.jpg\" title=\"&quot;AmiMesa&quot;\" width=\"1500\" height=\"845\" srcset=\"https:\/\/amistadcuba.nl\/wp-content\/uploads\/2026\/06\/AmiMesa3.jpg 1500w, https:\/\/amistadcuba.nl\/wp-content\/uploads\/2026\/06\/AmiMesa3-1280x721.jpg 1280w, https:\/\/amistadcuba.nl\/wp-content\/uploads\/2026\/06\/AmiMesa3-980x552.jpg 980w, https:\/\/amistadcuba.nl\/wp-content\/uploads\/2026\/06\/AmiMesa3-480x270.jpg 480w\" sizes=\"(min-width: 0px) and (max-width: 480px) 480px, (min-width: 481px) and (max-width: 980px) 980px, (min-width: 981px) and (max-width: 1280px) 1280px, (min-width: 1281px) 1500px, 100vw\" class=\"wp-image-1204\" \/><\/span><\/div>\n<\/div>\n\n<div class=\"et_pb_image_3 et_pb_image et_pb_module et_flex_module\"><span class=\"et_pb_image_wrap\"><img loading=\"lazy\" decoding=\"async\" src=\"https:\/\/amistadcuba.nl\/wp-content\/uploads\/2026\/06\/AmiMesa2.jpg\" title=\"&quot;AmiMesa&quot;\" width=\"1500\" height=\"845\" srcset=\"https:\/\/amistadcuba.nl\/wp-content\/uploads\/2026\/06\/AmiMesa2.jpg 1500w, https:\/\/amistadcuba.nl\/wp-content\/uploads\/2026\/06\/AmiMesa2-1280x721.jpg 1280w, https:\/\/amistadcuba.nl\/wp-content\/uploads\/2026\/06\/AmiMesa2-980x552.jpg 980w, https:\/\/amistadcuba.nl\/wp-content\/uploads\/2026\/06\/AmiMesa2-480x270.jpg 480w\" sizes=\"(min-width: 0px) and (max-width: 480px) 480px, (min-width: 481px) and (max-width: 980px) 980px, (min-width: 981px) and (max-width: 1280px) 1280px, (min-width: 1281px) 1500px, 100vw\" class=\"wp-image-1207\" \/><\/span><\/div>\n<\/div>\n<\/div>\n<\/div>\n\n<div class=\"et_pb_section_2 et_pb_section et_section_regular et_flex_section\">\n<div class=\"et_pb_row_2 et_pb_row et_block_row\">\n<div class=\"et_pb_column_2 et_pb_column et_pb_column_4_4 et_flex_column et_pb_css_mix_blend_mode_passthrough\">\n<div class=\"et_pb_text_3 et_pb_text et_pb_bg_layout_light et_pb_module et_flex_module\"><div class=\"et_pb_text_inner\"><h3><span style=\"color: #e09900;\"><strong>Mire a continuaci\u00f3n un reportaje fotogr\u00e1fico de nuestro primer AmiMesa, realizado el s\u00e1bado 13 de junio de 2026.<\/strong><\/span><\/h3>\n<\/div><\/div>\n\n<div class=\"et_pb_video_slider_0 et_pb_video_slider et_pb_module\"><div class=\"et_pb_slider et_pb_preload et_pb_slider_carousel et_pb_slider_no_pagination et_pb_controls_light\"><div class=\"et_pb_slides\">\n<div class=\"et_pb_video_slider_item_0 et_pb_video_slider_item et_pb_slide et_pb_bg_layout_dark\" data-image=\"\/\/i.ytimg.com\/vi\/5XV7_cUMTiw\/hqdefault.jpg\"><div class=\"et_pb_video_wrap\"><div class=\"et_pb_video_box\"><iframe loading=\"lazy\" title=\"AmiMesa Holgu\u00edn, Cuba. 40 personas a la mesa gracias a la amistad de los Pa\u00edses Bajos. 13 de junio de 2026\" width=\"1080\" height=\"608\" src=\"https:\/\/www.youtube.com\/embed\/5XV7_cUMTiw?feature=oembed\"  allow=\"accelerometer; autoplay; clipboard-write; encrypted-media; gyroscope; picture-in-picture; web-share\" referrerpolicy=\"strict-origin-when-cross-origin\" allowfullscreen><\/iframe><\/div><div class=\"et_pb_video_overlay\" style=\"background-image:url(\/\/i.ytimg.com\/vi\/5XV7_cUMTiw\/maxresdefault.jpg)\"><div class=\"et_pb_video_overlay_hover\"><a class=\"et_pb_video_play\" href=\"#\"><\/a><\/div><\/div><\/div><\/div>\n<\/div><\/div><\/div>\n\n<div class=\"et_pb_divider_0 et_pb_divider et_pb_space et_pb_divider_position_top et_pb_module\"><div class=\"et_pb_divider_internal\"><\/div><\/div>\n<\/div>\n\n<div class=\"et_pb_column_3 et_pb_column et_pb_column_4_4 et-last-child et_block_column et_pb_css_mix_blend_mode_passthrough\">\n<div class=\"et_pb_heading_0 et_pb_heading et_pb_module et_flex_module\"><div class=\"et_pb_heading_container\"><h3 class=\"et_pb_module_header\">Mira aqu\u00ed abajo un reportaje visual de la segunda AmiMesa, realizado el s\u00e1bado 18 de julio de 2026.<\/h3><\/div><\/div>\n\n<div class=\"et_pb_video_0 et_pb_video et_pb_module et_flex_module\"><div class=\"et_pb_video_box\"><iframe loading=\"lazy\" title=\"AmiMesa Holgu\u00edn, Cuba 18-07-2026\" width=\"1080\" height=\"608\" src=\"https:\/\/www.youtube.com\/embed\/c8dKEf2OHfI?feature=oembed\"  allow=\"accelerometer; autoplay; clipboard-write; encrypted-media; gyroscope; picture-in-picture; web-share\" referrerpolicy=\"strict-origin-when-cross-origin\" allowfullscreen><\/iframe><\/div><\/div>\n<\/div>\n<\/div>\n<\/div>\n\n<div class=\"et_pb_section_3 et_pb_section et_section_regular et_flex_section\">\n<div class=\"et_pb_row_3 et_pb_row et_flex_row\">\n<div class=\"et_pb_column_4 et_pb_column et-last-child et_flex_column et_pb_css_mix_blend_mode_passthrough et_flex_column_24_24 et_flex_column_24_24_tablet et_flex_column_24_24_phone\">\n<div class=\"et_pb_text_4 et_pb_text et_pb_bg_layout_light et_pb_module et_flex_module\"><div class=\"et_pb_text_inner\"><p style=\"text-align: center;\"><span style=\"font-family: inherit;\"><strong><span style=\"color: #000000;\">AmiMesa demuestra que un peque\u00f1o gesto\u00f1o puede marcar una gran diferencia. Con una sencilla comida caliente, no solo damos alimento, sino tambi\u00e9n atenci\u00f3n, encuentro y esperanza.<\/span><\/strong><\/span><\/p>\n<p style=\"text-align: center;\"><span style=\"color: #000000; font-family: inherit;\">Nuestro sue\u00f1o es hacer que AmiMesa crezca hasta convertirse en una iniciativa recurrente en cada vez m\u00e1s lugares de Cuba. Juntos podemos asegurar que muchas m\u00e1s personas experimenten que no est\u00e1n solas.<\/span><\/p>\n<p style=\"text-align: center;\"><strong><span style=\"color: #000000; font-family: inherit;\">Con su donaci\u00f3n, usted marca una diferencia directa:<\/span><\/strong><\/p>\n<ul>\n<li style=\"text-align: center;\"><span style=\"color: #000000; font-family: inherit;\">10 \u20ac - ay\u00fadame con unas 8 comidas calientes.<\/span><\/li>\n<li style=\"text-align: center;\"><span style=\"color: #000000; font-family: inherit;\">\u20ac20 \u2013 permite aproximadamente 16 comidas calientes.<\/span><\/li>\n<li style=\"text-align: center;\"><span style=\"color: #000000; font-family: inherit;\">\u20ac30: esto proporciona alrededor de 24 comidas calientes.<\/span><\/li>\n<li style=\"text-align: center;\"><span style=\"color: #000000; font-family: inherit;\">\u20ac40 \u2013 permite aproximadamente 32 comidas calientes.<\/span><\/li>\n<li style=\"text-align: center;\"><span style=\"color: #000000; font-family: inherit;\">\u20ac50 \u2013 da aproximadamente a 40 personas una comida caliente y nutritiva.<\/span><\/li>\n<\/ul>\n<p style=\"text-align: center;\"><span style=\"color: #000000; font-family: inherit;\">Cada euro cuenta. Cada comida significa una sonrisa. Y cada encuentro demuestra que la amistad, la atenci\u00f3n y la humanidad trascienden las fronteras.<\/span><\/p>\n<p style=\"text-align: center;\"><span style=\"color: #000000; font-family: inherit;\">Ay\u00fadanos a expandir AmiMesa para ser una iniciativa reconfortante en toda Cuba. Juntos, no solo ponemos comida en la mesa, sino que tambi\u00e9n damos esperanza.<\/span><\/p>\n<\/div><\/div>\n<\/div>\n<\/div>\n<\/div>\n\n<div class=\"et_pb_section_4 et_pb_section et_section_regular et_flex_section\">\n<div class=\"et_pb_row_4 et_pb_row et_flex_row\">\n<div class=\"et_pb_column_5 et_pb_column et-last-child et_flex_column et_pb_css_mix_blend_mode_passthrough et_flex_column_24_24 et_flex_column_24_24_tablet et_flex_column_24_24_phone\">\n<div class=\"et_pb_module et_pb_button_module_wrapper et_pb_button_0_wrapper\"><a class=\"et_pb_button_0 et_pb_button et_pb_bg_layout_dark et_pb_module et_flex_module\" href=\"https:\/\/bunq.me\/StichtingAmistadconCuba\">Patrocina una AmiMesa<\/a><\/div>\n<\/div>\n<\/div>\n<\/div>\n\n<div class=\"et_pb_section_5 et_pb_section et_section_regular et_flex_section\">\n<div class=\"et_pb_row_5 et_pb_row et_flex_row\">\n<div class=\"et_pb_column_6 et_pb_column et-last-child et_flex_column et_pb_css_mix_blend_mode_passthrough et_flex_column_24_24 et_flex_column_24_24_tablet et_flex_column_24_24_phone\">\n<div class=\"et_pb_icon_0 et_pb_icon et_pb_module et_flex_module\"><span class=\"et_pb_icon_wrap\"><span class=\"et-pb-icon\">\uf252<\/span><\/span><\/div>\n\n<div class=\"et_pb_text_5 et_pb_text et_pb_bg_layout_light et_pb_module et_flex_module\"><div class=\"et_pb_text_inner\"><p style=\"text-align: center;\"><strong><span style=\"color: #993300;\">Siguiente AmiMesa:<\/span><\/strong><\/p>\n<p style=\"text-align: center;\"><strong><span style=\"color: #993300;\">Agosto 2026<\/span><\/strong><\/p>\n<\/div><\/div>\n<\/div>\n<\/div>\n\n<div class=\"et_pb_row_6 et_pb_row et-vb-row--no-module et_flex_row\">\n<div class=\"et_pb_column_7 et_pb_column et-last-child et_flex_column et_pb_column_empty et_pb_css_mix_blend_mode_passthrough et_flex_column_24_24 et_flex_column_24_24_tablet et_flex_column_24_24_phone\"><\/div>\n<\/div>\n<\/div>","protected":false},"excerpt":{"rendered":"","protected":false},"author":1,"featured_media":981,"parent":0,"menu_order":0,"comment_status":"closed","ping_status":"closed","template":"","meta":{"give_campaign_id":0,"footnotes":""},"class_list":["post-980","page","type-page","status-publish","has-post-thumbnail","hentry"],"campaignId":"0","_links":{"self":[{"href":"https:\/\/amistadcuba.nl\/es\/wp-json\/wp\/v2\/pages\/980","targetHints":{"allow":["GET"]}}],"collection":[{"href":"https:\/\/amistadcuba.nl\/es\/wp-json\/wp\/v2\/pages"}],"about":[{"href":"https:\/\/amistadcuba.nl\/es\/wp-json\/wp\/v2\/types\/page"}],"author":[{"embeddable":true,"href":"https:\/\/amistadcuba.nl\/es\/wp-json\/wp\/v2\/users\/1"}],"replies":[{"embeddable":true,"href":"https:\/\/amistadcuba.nl\/es\/wp-json\/wp\/v2\/comments?post=980"}],"version-history":[{"count":0,"href":"https:\/\/amistadcuba.nl\/es\/wp-json\/wp\/v2\/pages\/980\/revisions"}],"wp:featuredmedia":[{"embeddable":true,"href":"https:\/\/amistadcuba.nl\/es\/wp-json\/wp\/v2\/media\/981"}],"wp:attachment":[{"href":"https:\/\/amistadcuba.nl\/es\/wp-json\/wp\/v2\/media?parent=980"}],"curies":[{"name":"wp","href":"https:\/\/api.w.org\/{rel}","templated":true}]}}