{"id":600,"date":"2026-05-10T20:46:32","date_gmt":"2026-05-10T20:46:32","guid":{"rendered":"https:\/\/amistadcuba.nl\/?page_id=600"},"modified":"2026-05-10T21:11:30","modified_gmt":"2026-05-10T21:11:30","slug":"voices-of-cuba","status":"publish","type":"page","link":"https:\/\/amistadcuba.nl\/fr\/voices-of-cuba\/","title":{"rendered":"Voices of Cuba"},"content":{"rendered":"<div class=\"et_pb_section_0 et_pb_section et_section_regular et_block_section\">\n<div class=\"et_pb_row_0 et_pb_row et_block_row\">\n<div class=\"et_pb_column_0 et_pb_column et_pb_column_4_4 et-last-child et_block_column et_pb_css_mix_blend_mode_passthrough\">\n<div class=\"et_pb_text_0 et_pb_text et_pb_bg_layout_light et_pb_module et_flex_module\"><div class=\"et_pb_text_inner\"><h1>Voices of Cuba<\/h1>\n<\/div><\/div>\n\n<div class=\"et_pb_image_0 et_pb_image et_pb_module et_flex_module\"><span class=\"et_pb_image_wrap\"><img loading=\"lazy\" decoding=\"async\" src=\"https:\/\/amistadcuba.nl\/wp-content\/uploads\/2026\/05\/Voices-300x300.png\" title=\"Voices of Cuba\" width=\"300\" height=\"300\" class=\"wp-image-567\" \/><\/span><\/div>\n\n<div class=\"et_pb_text_1 et_pb_text et_pb_bg_layout_light et_pb_module et_flex_module\"><div class=\"et_pb_text_inner\"><h3 style=\"text-align: center;\"><strong><span style=\"color: #e09900;\">L'\u00e9ducation change des vies. L'enseignement des langues ouvre des portes.<\/span><\/strong><\/h3>\n<\/div><\/div>\n<\/div>\n<\/div>\n<\/div>\n\n<div class=\"et_pb_section_1 et_pb_section et_section_regular et_flex_section\">\n<div class=\"et_pb_row_1 et_pb_row et_flex_row\">\n<div class=\"et_pb_column_1 et_pb_column et_flex_column et_pb_css_mix_blend_mode_passthrough et_flex_column_3_5 et_flex_column_3_5_tablet et_flex_column_24_24_phone\">\n<div class=\"et_pb_group_0 et_pb_group et-last-child et_pb_module et_flex_group et_pb_css_mix_blend_mode_passthrough\">\n<div class=\"et_pb_text_2 et_pb_text et_pb_bg_layout_light et_pb_module et_flex_module\"><div class=\"et_pb_text_inner\"><p><strong><span style=\"color: #000000; font-family: inherit; font-size: medium;\">Avec Voices of Cuba, une initiative de la Fondation Amistad con Cuba, nous investissons dans l'avenir des enfants et des jeunes \u00e0 Cuba.<\/span><\/strong><\/p>\n<p style=\"text-align: left;\"><span style=\"color: #000000; font-family: inherit; font-weight: normal; font-size: medium;\">Beaucoup de jeunes \u00e0 Cuba ont du talent, de la motivation et des r\u00eaves. Pourtant, tout le monde n'a pas acc\u00e8s \u00e0 une \u00e9ducation suppl\u00e9mentaire ou \u00e0 des langues internationales comme l'anglais.<\/span><\/p>\n<p style=\"text-align: left;\"><span style=\"color: #000000; font-family: inherit; font-weight: normal; font-size: medium;\">Avec Voices of Cuba, nous voulons changer cela.<\/span><\/p>\n<p style=\"text-align: left;\"><span style=\"color: #000000; font-family: inherit; font-weight: normal; font-size: medium;\">Notre objectif est de donner aux enfants et aux jeunes issus de milieux d\u00e9favoris\u00e9s un acc\u00e8s \u00e0 un enseignement linguistique de qualit\u00e9. Nous voulons collaborer avec des enseignants, des b\u00e9n\u00e9voles et des initiatives \u00e9ducatives locales \u00e0 Cuba. Dans la mesure du possible, nous travaillons avec des enseignants qualifi\u00e9s.<\/span><\/p>\n<p style=\"text-align: left;\"><span style=\"color: #000000; font-family: inherit; font-weight: normal; font-size: medium;\">Les le\u00e7ons vont au-del\u00e0 des mots et de la grammaire.<\/span><\/p>\n<p style=\"text-align: left;\"><span style=\"color: #e09900; font-family: inherit; font-weight: normal; font-size: medium;\"><strong>La langue donne confiance en soi.<\/strong><\/span><br \/><span style=\"color: #e09900; font-family: inherit; font-weight: normal; font-size: medium;\"><strong>La langue relie les gens.<\/strong><\/span><br \/><span style=\"color: #e09900; font-family: inherit; font-weight: normal; font-size: medium;\"><strong>La langue ouvre de nouvelles possibilit\u00e9s dans les \u00e9tudes, le travail et le d\u00e9veloppement personnel.<\/strong><\/span><\/p>\n<p style=\"text-align: left;\"><span style=\"color: #000000; font-family: inherit; font-weight: normal; font-size: medium;\">Avec Voices of Cuba, nous voulons aider les jeunes \u00e0 d\u00e9velopper leurs talents et \u00e0 s'affirmer dans la vie.<\/span><\/p>\n<p style=\"text-align: left;\"><span style=\"color: #000000; font-family: inherit; font-weight: normal; font-size: medium;\">Nous croyons que chaque enfant a un potentiel. Parfois, il suffit d'une opportunit\u00e9 pour le rendre visible.<\/span><\/p>\n<p style=\"text-align: left;\"><span style=\"color: #000000; font-family: inherit; font-weight: normal; font-size: medium;\">Ensemble, nous construisons une g\u00e9n\u00e9ration de savoir, de confiance et d'avenir.<\/span><\/p>\n<p style=\"text-align: left;\">\n<\/div><\/div>\n<\/div>\n<\/div>\n\n<div class=\"et_pb_column_2 et_pb_column et-last-child et_flex_column et_pb_css_mix_blend_mode_passthrough et_flex_column_2_5 et_flex_column_2_5_tablet et_flex_column_24_24_phone\">\n<div class=\"et_pb_image_1 et_pb_image et_pb_module et_flex_module\"><span class=\"et_pb_image_wrap\"><img loading=\"lazy\" decoding=\"async\" src=\"https:\/\/amistadcuba.nl\/wp-content\/uploads\/2026\/05\/Tahlia.jpg\" title=\"Tahlia\" width=\"750\" height=\"1000\" srcset=\"https:\/\/amistadcuba.nl\/wp-content\/uploads\/2026\/05\/Tahlia.jpg 750w, https:\/\/amistadcuba.nl\/wp-content\/uploads\/2026\/05\/Tahlia-480x640.jpg 480w\" sizes=\"(min-width: 0px) and (max-width: 480px) 480px, (min-width: 481px) 750px, 100vw\" class=\"wp-image-609\" \/><\/span><\/div>\n<\/div>\n<\/div>\n\n<div class=\"et_pb_row_2 et_pb_row et_flex_row\">\n<div class=\"et_pb_column_3 et_pb_column et-last-child et_flex_column et_pb_css_mix_blend_mode_passthrough et_flex_column_24_24 et_flex_column_24_24_tablet et_flex_column_24_24_phone\">\n<div class=\"et_pb_text_3 et_pb_text et_pb_bg_layout_light et_pb_module et_flex_module\"><div class=\"et_pb_text_inner\"><p style=\"text-align: center;\"><span style=\"color: #e09900; font-family: inherit; font-weight: normal; font-size: medium;\"><strong>Voices of Cuba<\/strong><\/span><br \/><span style=\"color: #000000;\"><em><span style=\"font-family: inherit; font-weight: normal; font-size: medium;\">Talent. Talent. Avenir.<\/span><\/em><\/span><br \/><span style=\"color: #000000;\"><em><span style=\"font-family: inherit; font-weight: normal; font-size: medium;\">Donner une voix \u00e0 la jeunesse cubaine.<\/span><\/em><\/span><\/p>\n<\/div><\/div>\n<\/div>\n<\/div>\n<\/div>\n\n<div class=\"et_pb_section_2 et_pb_section et_section_regular et_flex_section\">\n<div class=\"et_pb_row_3 et_pb_row et_flex_row\">\n<div class=\"et_pb_column_4 et_pb_column et_flex_column et_pb_css_mix_blend_mode_passthrough et_flex_column_12_24 et_flex_column_12_24_tablet et_flex_column_24_24_phone\">\n<div class=\"et_pb_text_4 et_pb_text et_pb_bg_layout_light et_pb_module et_flex_module\"><div class=\"et_pb_text_inner\"><h3>Soutenez ce projet \u00e9ducatif unique<\/h3>\n<\/div><\/div>\n\n<div class=\"et_pb_group_1 et_pb_group et-last-child et_pb_module et_flex_group et_pb_css_mix_blend_mode_passthrough\">\n<div class=\"et_pb_text_5 et_pb_text et_pb_bg_layout_light et_pb_module et_flex_module\"><div class=\"et_pb_text_inner\"><p>Avec Voices of Cuba, nous investissons dans un enseignement des langues durable pour les enfants et les jeunes \u00e0 Cuba. La ma\u00eetrise des langues accro\u00eet les opportunit\u00e9s de d\u00e9veloppement personnel, d'\u00e9tudes sup\u00e9rieures et les perspectives d'avenir sur le march\u00e9 du travail.<\/p>\n<\/div><\/div>\n\n<div class=\"et_pb_text_6 et_pb_text et_pb_bg_layout_light et_pb_module et_flex_module\"><div class=\"et_pb_text_inner\"><p>Pour la mise en \u0153uvre de ce projet, nous recherchons des partenaires engag\u00e9s, des entreprises, des fondations et des particuliers. Votre contribution soutiendra le mat\u00e9riel p\u00e9dagogique, les enseignants locaux, les infrastructures \u00e9ducatives et le d\u00e9veloppement ult\u00e9rieur de cette initiative.<\/p>\n<\/div><\/div>\n\n<div class=\"et_pb_text_7 et_pb_text et_pb_bg_layout_light et_pb_module et_flex_module\"><div class=\"et_pb_text_inner\"><p>Ensemble, nous cr\u00e9ons des opportunit\u00e9s concr\u00e8tes, avec un impact direct, une collaboration locale et une transparence totale. Investissez avec nous dans le savoir, le d\u00e9veloppement et l'avenir.<\/p>\n<p>&nbsp;<\/p>\n<\/div><\/div>\n\n<div class=\"et_pb_module et_pb_button_module_wrapper et_pb_button_0_wrapper\"><a class=\"et_pb_button_0 et_pb_button et_pb_bg_layout_dark et_pb_module et_flex_module\" href=\"https:\/\/betaalverzoek.rabobank.nl\/betaalverzoek\/?id=aBmpr2C1S_2RPLsdwlXeww\">Soutenir l'enseignement des langues<\/a><\/div>\n<\/div>\n<\/div>\n\n<div class=\"et_pb_column_5 et_pb_column et-last-child et_flex_column et_pb_css_mix_blend_mode_passthrough et_flex_column_12_24 et_flex_column_12_24_tablet et_flex_column_24_24_phone\">\n<div class=\"et_pb_text_8 et_pb_text et_pb_bg_layout_light et_pb_module et_flex_module\"><div class=\"et_pb_text_inner\"><h3>Onze principes fondamentaux<\/h3>\n<\/div><\/div>\n\n<div class=\"et_pb_group_2 et_pb_group et_pb_module et_flex_group et_pb_css_mix_blend_mode_passthrough\">\n<div class=\"et_pb_image_2 et_pb_image et_pb_image_bottom_space_tablet et_pb_module et_flex_module\"><span class=\"et_pb_image_wrap\"><img loading=\"lazy\" decoding=\"async\" src=\"https:\/\/amistadcuba.nl\/wp-content\/uploads\/2026\/03\/icon-1-1.png\" title=\"ic\u00f4ne #1\" width=\"32\" height=\"32\" sizes=\"(max-width: 32px) 100vw, 32px\" class=\"wp-image-72\" \/><\/span><\/div>\n\n<div class=\"et_pb_group_3 et_pb_group et-last-child et_pb_module et_flex_group et_pb_css_mix_blend_mode_passthrough\">\n<div class=\"et_pb_text_9 et_pb_text et_pb_bg_layout_light et_pb_module et_flex_module\"><div class=\"et_pb_text_inner\"><h4><span style=\"color: #e09900;\">Solidarit\u00e9<\/span><\/h4>\n<\/div><\/div>\n\n<div class=\"et_pb_text_10 et_pb_text et_pb_bg_layout_light et_pb_module et_flex_module\"><div class=\"et_pb_text_inner\"><p style=\"text-align: left;\">Nous nous tenons \u00e9paule contre \u00e9paule avec les personnes et les communaut\u00e9s qui ont besoin de notre soutien.<\/p>\n<\/div><\/div>\n<\/div>\n<\/div>\n\n<div class=\"et_pb_group_4 et_pb_group et_pb_module et_flex_group et_pb_css_mix_blend_mode_passthrough\">\n<div class=\"et_pb_image_3 et_pb_image et_pb_module et_flex_module\"><span class=\"et_pb_image_wrap\"><img loading=\"lazy\" decoding=\"async\" src=\"https:\/\/amistadcuba.nl\/wp-content\/uploads\/2026\/03\/icon-2-1.png\" title=\"ic\u00f4ne #2\" width=\"32\" height=\"32\" sizes=\"(max-width: 32px) 100vw, 32px\" class=\"wp-image-73\" \/><\/span><\/div>\n\n<div class=\"et_pb_group_5 et_pb_group et-last-child et_pb_module et_flex_group et_pb_css_mix_blend_mode_passthrough\">\n<div class=\"et_pb_text_11 et_pb_text et_pb_bg_layout_light et_pb_module et_flex_module\"><div class=\"et_pb_text_inner\"><h4><span style=\"color: #e09900;\">Transparence<\/span><\/h4>\n<\/div><\/div>\n\n<div class=\"et_pb_text_12 et_pb_text et_pb_bg_layout_light et_pb_module et_flex_module\"><div class=\"et_pb_text_inner\"><p style=\"text-align: left;\">Chaque contribution est justifi\u00e9e. Nous communiquons ouvertement sur les objectifs, les d\u00e9penses et les r\u00e9sultats.<\/p>\n<\/div><\/div>\n<\/div>\n<\/div>\n\n<div class=\"et_pb_group_6 et_pb_group et_pb_module et_flex_group et_pb_css_mix_blend_mode_passthrough\">\n<div class=\"et_pb_image_4 et_pb_image et_pb_module et_flex_module\"><span class=\"et_pb_image_wrap\"><img loading=\"lazy\" decoding=\"async\" src=\"https:\/\/amistadcuba.nl\/wp-content\/uploads\/2026\/03\/icon-3-1.png\" title=\"ic\u00f4ne #3\" width=\"32\" height=\"32\" sizes=\"(max-width: 32px) 100vw, 32px\" class=\"wp-image-74\" \/><\/span><\/div>\n\n<div class=\"et_pb_group_7 et_pb_group et-last-child et_pb_module et_flex_group et_pb_css_mix_blend_mode_passthrough\">\n<div class=\"et_pb_text_13 et_pb_text et_pb_bg_layout_light et_pb_module et_flex_module\"><div class=\"et_pb_text_inner\"><h4><span style=\"color: #e09900;\">Aide directe<\/span><\/h4>\n<\/div><\/div>\n\n<div class=\"et_pb_text_14 et_pb_text et_pb_bg_layout_light et_pb_module et_flex_module\"><div class=\"et_pb_text_inner\"><p style=\"text-align: left;\">Ce soutien parvient directement l\u00e0 o\u00f9 il est le plus n\u00e9cessaire.<\/p>\n<\/div><\/div>\n<\/div>\n<\/div>\n\n<div class=\"et_pb_group_8 et_pb_group et_pb_module et_flex_group et_pb_css_mix_blend_mode_passthrough\">\n<div class=\"et_pb_image_5 et_pb_image et_pb_module et_flex_module\"><span class=\"et_pb_image_wrap\"><img loading=\"lazy\" decoding=\"async\" src=\"https:\/\/amistadcuba.nl\/wp-content\/uploads\/2026\/03\/icon-4.png\" title=\"ic\u00f4ne #4\" width=\"32\" height=\"32\" sizes=\"(max-width: 32px) 100vw, 32px\" class=\"wp-image-75\" \/><\/span><\/div>\n\n<div class=\"et_pb_group_9 et_pb_group et-last-child et_pb_module et_flex_group et_pb_css_mix_blend_mode_passthrough\">\n<div class=\"et_pb_text_15 et_pb_text et_pb_bg_layout_light et_pb_module et_flex_module\"><div class=\"et_pb_text_inner\"><h4><span style=\"color: #e09900;\">Coop\u00e9ration locale<\/span><\/h4>\n<\/div><\/div>\n\n<div class=\"et_pb_text_16 et_pb_text et_pb_bg_layout_light et_pb_module et_flex_module\"><div class=\"et_pb_text_inner\"><p style=\"text-align: left;\">Nous travaillons en collaboration avec des partenaires locaux qui connaissent la situation, la culture et les besoins.<\/p>\n<\/div><\/div>\n<\/div>\n<\/div>\n\n<div class=\"et_pb_group_10 et_pb_group et-last-child et_pb_module et_flex_group et_pb_css_mix_blend_mode_passthrough\">\n<div class=\"et_pb_image_6 et_pb_image et_pb_module et_flex_module\"><span class=\"et_pb_image_wrap\"><img loading=\"lazy\" decoding=\"async\" src=\"https:\/\/amistadcuba.nl\/wp-content\/uploads\/2026\/03\/icon-5.png\" title=\"ic\u00f4ne #5\" width=\"32\" height=\"32\" sizes=\"(max-width: 32px) 100vw, 32px\" class=\"wp-image-76\" \/><\/span><\/div>\n\n<div class=\"et_pb_group_11 et_pb_group et-last-child et_pb_module et_flex_group et_pb_css_mix_blend_mode_passthrough\">\n<div class=\"et_pb_text_17 et_pb_text et_pb_bg_layout_light et_pb_module et_flex_module\"><div class=\"et_pb_text_inner\"><h4><span style=\"color: #e09900;\">Vision \u00e0 long terme<\/span><\/h4>\n<\/div><\/div>\n\n<div class=\"et_pb_text_18 et_pb_text et_pb_bg_layout_light et_pb_module et_flex_module\"><div class=\"et_pb_text_inner\"><p style=\"text-align: left;\">En plus de l'aide d'urgence, nous investissons dans l'\u00e9ducation, le d\u00e9veloppement et des opportunit\u00e9s durables.<\/p>\n<\/div><\/div>\n<\/div>\n<\/div>\n<\/div>\n<\/div>\n<\/div>\n\n<div class=\"et_pb_section_3 et_pb_section et_section_regular et_flex_section\">\n<div class=\"et_pb_row_4 et_pb_row et_block_row\">\n<div class=\"et_pb_column_6 et_pb_column et_pb_column_4_4 et-last-child et_block_column et_pb_css_mix_blend_mode_passthrough\">\n<div class=\"et_pb_text_19 et_pb_text et_pb_bg_layout_light et_pb_module et_flex_module\"><div class=\"et_pb_text_inner\"><p style=\"text-align: center;\"><span style=\"color: #e09900;\"><strong>\u00cates-vous int\u00e9ress\u00e9 par un soutien, un partenariat ou une collaboration sociale ? Nous serions ravis d'engager la conversation avec vous.<\/strong><\/span><\/p>\n<\/div><\/div>\n\n<div class=\"et_pb_module et_pb_button_module_wrapper et_pb_button_1_wrapper\"><a class=\"et_pb_button_1 et_pb_button et_pb_bg_layout_dark et_pb_module et_flex_module\" href=\"mailto:voc@amistadcuba.nl\">Prenez contact<\/a><\/div>\n<\/div>\n<\/div>\n\n<div class=\"et_pb_row_5 et_pb_row et-vb-row--no-module et_flex_row\">\n<div class=\"et_pb_column_7 et_pb_column et-last-child et_flex_column et_pb_column_empty et_pb_css_mix_blend_mode_passthrough et_flex_column_24_24 et_flex_column_24_24_tablet et_flex_column_24_24_phone\"><\/div>\n<\/div>\n<\/div>","protected":false},"excerpt":{"rendered":"","protected":false},"author":1,"featured_media":566,"parent":0,"menu_order":0,"comment_status":"closed","ping_status":"closed","template":"","meta":{"give_campaign_id":0,"footnotes":""},"class_list":["post-600","page","type-page","status-publish","has-post-thumbnail","hentry"],"campaignId":"","_links":{"self":[{"href":"https:\/\/amistadcuba.nl\/fr\/wp-json\/wp\/v2\/pages\/600","targetHints":{"allow":["GET"]}}],"collection":[{"href":"https:\/\/amistadcuba.nl\/fr\/wp-json\/wp\/v2\/pages"}],"about":[{"href":"https:\/\/amistadcuba.nl\/fr\/wp-json\/wp\/v2\/types\/page"}],"author":[{"embeddable":true,"href":"https:\/\/amistadcuba.nl\/fr\/wp-json\/wp\/v2\/users\/1"}],"replies":[{"embeddable":true,"href":"https:\/\/amistadcuba.nl\/fr\/wp-json\/wp\/v2\/comments?post=600"}],"version-history":[{"count":0,"href":"https:\/\/amistadcuba.nl\/fr\/wp-json\/wp\/v2\/pages\/600\/revisions"}],"wp:featuredmedia":[{"embeddable":true,"href":"https:\/\/amistadcuba.nl\/fr\/wp-json\/wp\/v2\/media\/566"}],"wp:attachment":[{"href":"https:\/\/amistadcuba.nl\/fr\/wp-json\/wp\/v2\/media?parent=600"}],"curies":[{"name":"wp","href":"https:\/\/api.w.org\/{rel}","templated":true}]}}