{"id":980,"date":"2026-07-10T20:14:41","date_gmt":"2026-07-10T20:14:41","guid":{"rendered":"https:\/\/amistadcuba.nl\/?page_id=980"},"modified":"2026-07-29T18:59:21","modified_gmt":"2026-07-29T18:59:21","slug":"amimesa-2","status":"publish","type":"page","link":"https:\/\/amistadcuba.nl\/fr\/amimesa-2\/","title":{"rendered":"AmieTable"},"content":{"rendered":"<div class=\"et_pb_section_0 et_pb_section et_section_regular et_block_section\">\n<div class=\"et_pb_row_0 et_pb_row et_block_row\">\n<div class=\"et_pb_column_0 et_pb_column et_pb_column_4_4 et-last-child et_block_column et_pb_css_mix_blend_mode_passthrough\">\n<div class=\"et_pb_text_0 et_pb_text et_pb_bg_layout_light et_pb_module et_flex_module\"><div class=\"et_pb_text_inner\"><h1>AmieTable<\/h1>\n<\/div><\/div>\n\n<div class=\"et_pb_image_0 et_pb_image et_pb_module et_flex_module\"><span class=\"et_pb_image_wrap\"><img loading=\"lazy\" decoding=\"async\" src=\"https:\/\/amistadcuba.nl\/wp-content\/uploads\/2026\/05\/AmiMesa-1024x683.jpg\" title=\"AmieTable\" width=\"1024\" height=\"683\" srcset=\"https:\/\/amistadcuba.nl\/wp-content\/uploads\/2026\/05\/AmiMesa-980x653.jpg 980w, https:\/\/amistadcuba.nl\/wp-content\/uploads\/2026\/05\/AmiMesa-480x320.jpg 480w\" sizes=\"(min-width: 0px) and (max-width: 480px) 480px, (min-width: 481px) and (max-width: 980px) 980px, (min-width: 981px) 1024px, 100vw\" class=\"wp-image-981\" \/><\/span><\/div>\n\n<div class=\"et_pb_text_1 et_pb_text et_pb_bg_layout_light et_pb_module et_flex_module\"><div class=\"et_pb_text_inner\"><h3 style=\"text-align: center;\"><span style=\"color: #000000;\"><strong>AmiMesa n'est pas qu'une assiette de nourriture.<\/strong><\/span><\/h3>\n<h3 style=\"text-align: center;\"><span style=\"color: #000000;\"><strong>C'est une table o\u00f9 l'amiti\u00e9, la dignit\u00e9 et l'espoir sont partag\u00e9s.<\/strong><\/span><\/h3>\n<\/div><\/div>\n<\/div>\n<\/div>\n<\/div>\n\n<div class=\"et_pb_section_1 et_pb_section et_section_regular et_flex_section\">\n<div class=\"et_pb_row_1 et_pb_row et_flex_row\">\n<div class=\"et_pb_column_1 et_pb_column et-last-child et_flex_column et_pb_css_mix_blend_mode_passthrough et_flex_column_24_24 et_flex_column_24_24_tablet et_flex_column_24_24_phone\">\n<div class=\"et_pb_text_2 et_pb_text et_pb_bg_layout_light et_pb_module et_flex_module\"><div class=\"et_pb_text_inner\"><p style=\"text-align: center;\"><span style=\"font-family: inherit;\"><strong><span style=\"color: #000000;\">Le samedi 13 juin 2026, la toute premi\u00e8re AmiMesa s'est tenue \u00e0 Holgu\u00edn. Gr\u00e2ce au soutien de nos donateurs, 38 personnes vivant dans des conditions difficiles ont pu profiter d'un repas chaud et sain. Ce fut une journ\u00e9e sp\u00e9ciale, pleine de rencontres, de gratitude et de camaraderie.<\/span><\/strong><\/span><span style=\"font-family: inherit;\"><strong><span style=\"color: #000000;\"><\/span><\/strong><\/span><\/p>\n<p style=\"text-align: center;\"><span style=\"color: #000000; font-family: inherit;\">AmiMesa est bien plus qu'un simple repas. C'est un moment o\u00f9 les gens se r\u00e9unissent, se rencontrent et prennent conscience qu'ils ne sont pas seuls. \u00c0 table, tout le monde est \u00e9gal. On mange, on parle, on rit et on \u00e9coute ensemble. Dans un pays o\u00f9 de nombreuses personnes sont confront\u00e9es quotidiennement \u00e0 la pauvret\u00e9 et aux p\u00e9nuries, une r\u00e9union aussi simple peut faire une diff\u00e9rence consid\u00e9rable.<\/span><\/p>\n<p style=\"text-align: center;\"><span style=\"color: #000000; font-family: inherit;\">Ce qui est sp\u00e9cial avec AmiMesa, c'est qu'avec moins de 50 \u20ac, nous pouvons offrir un repas nutritif \u00e0 environ 40 personnes. C'est donc un projet \u00e0 petite \u00e9chelle avec un grand impact. Chaque don, petit ou grand, nous aide \u00e0 organiser \u00e0 nouveau un AmiMesa et \u00e0 offrir aux gens un moment de rencontre, d'attention et d'espoir.<\/span><\/p>\n<p style=\"text-align: center;\"><span style=\"color: #000000; font-family: inherit;\">AmiMesa montre que l'aide ne doit pas toujours \u00eatre grandiose ou compliqu\u00e9e. Parfois, un vrai changement commence par quelque chose de tr\u00e8s simple : une table, un repas chaud et une attention sinc\u00e8re envers les autres.<\/span><\/p>\n<p style=\"text-align: center;\"><span style=\"color: #000000; font-family: inherit;\">Ensemble, nous partageons non seulement la nourriture, mais aussi l'amiti\u00e9, le respect et l'espoir. C'est la force d'AmiMesa.<\/span><\/p>\n<\/div>\n<div class=\"et_pb_image_1 et_pb_image et_pb_module et_flex_module\"><span class=\"et_pb_image_wrap\"><img loading=\"lazy\" decoding=\"async\" src=\"https:\/\/amistadcuba.nl\/wp-content\/uploads\/2026\/06\/AmiMesa11.jpg\" title=\"AmieTable\" width=\"1500\" height=\"844\" srcset=\"https:\/\/amistadcuba.nl\/wp-content\/uploads\/2026\/06\/AmiMesa11.jpg 1500w, https:\/\/amistadcuba.nl\/wp-content\/uploads\/2026\/06\/AmiMesa11-1280x720.jpg 1280w, https:\/\/amistadcuba.nl\/wp-content\/uploads\/2026\/06\/AmiMesa11-980x551.jpg 980w, https:\/\/amistadcuba.nl\/wp-content\/uploads\/2026\/06\/AmiMesa11-480x270.jpg 480w\" sizes=\"(min-width: 0px) and (max-width: 480px) 480px, (min-width: 481px) and (max-width: 980px) 980px, (min-width: 981px) and (max-width: 1280px) 1280px, (min-width: 1281px) 1500px, 100vw\" class=\"wp-image-1200\" \/><\/span><\/div>\n\n<div class=\"et_pb_image_2 et_pb_image et_pb_module et_flex_module\"><span class=\"et_pb_image_wrap\"><img loading=\"lazy\" decoding=\"async\" src=\"https:\/\/amistadcuba.nl\/wp-content\/uploads\/2026\/06\/AmiMesa3.jpg\" title=\"AmieTable\" width=\"1500\" height=\"845\" srcset=\"https:\/\/amistadcuba.nl\/wp-content\/uploads\/2026\/06\/AmiMesa3.jpg 1500w, https:\/\/amistadcuba.nl\/wp-content\/uploads\/2026\/06\/AmiMesa3-1280x721.jpg 1280w, https:\/\/amistadcuba.nl\/wp-content\/uploads\/2026\/06\/AmiMesa3-980x552.jpg 980w, https:\/\/amistadcuba.nl\/wp-content\/uploads\/2026\/06\/AmiMesa3-480x270.jpg 480w\" sizes=\"(min-width: 0px) and (max-width: 480px) 480px, (min-width: 481px) and (max-width: 980px) 980px, (min-width: 981px) and (max-width: 1280px) 1280px, (min-width: 1281px) 1500px, 100vw\" class=\"wp-image-1204\" \/><\/span><\/div>\n<\/div>\n\n<div class=\"et_pb_image_3 et_pb_image et_pb_module et_flex_module\"><span class=\"et_pb_image_wrap\"><img loading=\"lazy\" decoding=\"async\" src=\"https:\/\/amistadcuba.nl\/wp-content\/uploads\/2026\/06\/AmiMesa2.jpg\" title=\"AmieTable\" width=\"1500\" height=\"845\" srcset=\"https:\/\/amistadcuba.nl\/wp-content\/uploads\/2026\/06\/AmiMesa2.jpg 1500w, https:\/\/amistadcuba.nl\/wp-content\/uploads\/2026\/06\/AmiMesa2-1280x721.jpg 1280w, https:\/\/amistadcuba.nl\/wp-content\/uploads\/2026\/06\/AmiMesa2-980x552.jpg 980w, https:\/\/amistadcuba.nl\/wp-content\/uploads\/2026\/06\/AmiMesa2-480x270.jpg 480w\" sizes=\"(min-width: 0px) and (max-width: 480px) 480px, (min-width: 481px) and (max-width: 980px) 980px, (min-width: 981px) and (max-width: 1280px) 1280px, (min-width: 1281px) 1500px, 100vw\" class=\"wp-image-1207\" \/><\/span><\/div>\n<\/div>\n<\/div>\n<\/div>\n\n<div class=\"et_pb_section_2 et_pb_section et_section_regular et_flex_section\">\n<div class=\"et_pb_row_2 et_pb_row et_block_row\">\n<div class=\"et_pb_column_2 et_pb_column et_pb_column_4_4 et_flex_column et_pb_css_mix_blend_mode_passthrough\">\n<div class=\"et_pb_text_3 et_pb_text et_pb_bg_layout_light et_pb_module et_flex_module\"><div class=\"et_pb_text_inner\"><h3><span style=\"color: #e09900;\"><strong>Regardez ci-dessous un reportage photo de notre tout premier AmiMesa, r\u00e9alis\u00e9 le samedi 13 juin 2026.<\/strong><\/span><\/h3>\n<\/div><\/div>\n\n<div class=\"et_pb_video_slider_0 et_pb_video_slider et_pb_module\"><div class=\"et_pb_slider et_pb_preload et_pb_slider_carousel et_pb_slider_no_pagination et_pb_controls_light\"><div class=\"et_pb_slides\">\n<div class=\"et_pb_video_slider_item_0 et_pb_video_slider_item et_pb_slide et_pb_bg_layout_dark\" data-image=\"\/\/i.ytimg.com\/vi\/5XV7_cUMTiw\/hqdefault.jpg\"><div class=\"et_pb_video_wrap\"><div class=\"et_pb_video_box\"><iframe loading=\"lazy\" title=\"AmiMesa Holgu\u00edn, Cuba. 40 personnes \u00e0 table gr\u00e2ce \u00e0 l&#039;amiti\u00e9 venue des Pays-Bas. 13 juin 2026\" width=\"1080\" height=\"608\" src=\"https:\/\/www.youtube.com\/embed\/5XV7_cUMTiw?feature=oembed\"  allow=\"accelerometer; autoplay; clipboard-write; encrypted-media; gyroscope; picture-in-picture; web-share\" referrerpolicy=\"strict-origin-when-cross-origin\" allowfullscreen><\/iframe><\/div><div class=\"et_pb_video_overlay\" style=\"background-image:url(\/\/i.ytimg.com\/vi\/5XV7_cUMTiw\/maxresdefault.jpg)\"><div class=\"et_pb_video_overlay_hover\"><a class=\"et_pb_video_play\" href=\"#\"><\/a><\/div><\/div><\/div><\/div>\n<\/div><\/div><\/div>\n\n<div class=\"et_pb_divider_0 et_pb_divider et_pb_space et_pb_divider_position_top et_pb_module\"><div class=\"et_pb_divider_internal\"><\/div><\/div>\n<\/div>\n\n<div class=\"et_pb_column_3 et_pb_column et_pb_column_4_4 et-last-child et_block_column et_pb_css_mix_blend_mode_passthrough\">\n<div class=\"et_pb_heading_0 et_pb_heading et_pb_module et_flex_module\"><div class=\"et_pb_heading_container\"><h3 class=\"et_pb_module_header\">Regardez ci-dessous un reportage photo du deuxi\u00e8me AmiMesa, r\u00e9alis\u00e9 le samedi 18 juillet 2026.<\/h3><\/div><\/div>\n\n<div class=\"et_pb_video_0 et_pb_video et_pb_module et_flex_module\"><div class=\"et_pb_video_box\"><iframe loading=\"lazy\" title=\"AmiMesa Holgu\u00edn, Cuba 18-07-2026\" width=\"1080\" height=\"608\" src=\"https:\/\/www.youtube.com\/embed\/c8dKEf2OHfI?feature=oembed\"  allow=\"accelerometer; autoplay; clipboard-write; encrypted-media; gyroscope; picture-in-picture; web-share\" referrerpolicy=\"strict-origin-when-cross-origin\" allowfullscreen><\/iframe><\/div><\/div>\n<\/div>\n<\/div>\n<\/div>\n\n<div class=\"et_pb_section_3 et_pb_section et_section_regular et_flex_section\">\n<div class=\"et_pb_row_3 et_pb_row et_flex_row\">\n<div class=\"et_pb_column_4 et_pb_column et-last-child et_flex_column et_pb_css_mix_blend_mode_passthrough et_flex_column_24_24 et_flex_column_24_24_tablet et_flex_column_24_24_phone\">\n<div class=\"et_pb_text_4 et_pb_text et_pb_bg_layout_light et_pb_module et_flex_module\"><div class=\"et_pb_text_inner\"><p style=\"text-align: center;\"><span style=\"font-family: inherit;\"><strong><span style=\"color: #000000;\">AmiMesa montre qu'un petit geste peut faire une grande diff\u00e9rence. Avec un simple repas chaud, nous offrons non seulement de la nourriture, mais aussi de l'attention, des rencontres et de l'espoir.<\/span><\/strong><\/span><\/p>\n<p style=\"text-align: center;\"><span style=\"color: #000000; font-family: inherit;\">Notre r\u00eave est de faire d'AmiMesa une initiative r\u00e9currente dans de plus en plus d'endroits \u00e0 Cuba. Ensemble, nous pouvons faire en sorte que beaucoup plus de personnes vivent qu'elles ne sont pas seules.<\/span><\/p>\n<p style=\"text-align: center;\"><strong><span style=\"color: #000000; font-family: inherit;\">Avec votre don, vous faites une diff\u00e9rence directe :<\/span><\/strong><\/p>\n<ul>\n<li style=\"text-align: center;\"><span style=\"color: #000000; font-family: inherit;\">10 \u20ac \u2013 \u00e7a m'aide \u00e0 pr\u00e9parer environ 8 repas chauds.<\/span><\/li>\n<li style=\"text-align: center;\"><span style=\"color: #000000; font-family: inherit;\">20 \u20ac \u2013 permet environ 16 repas chauds.<\/span><\/li>\n<li style=\"text-align: center;\"><span style=\"color: #000000; font-family: inherit;\">30 \u20ac \u2013 permet de fournir environ 24 repas chauds.<\/span><\/li>\n<li style=\"text-align: center;\"><span style=\"color: #000000; font-family: inherit;\">\u20ac40 \u2013 permet environ 32 repas chauds.<\/span><\/li>\n<li style=\"text-align: center;\"><span style=\"color: #000000; font-family: inherit;\">50 \u20ac \u2013 cela permet d'offrir un repas chaud et nourrissant \u00e0 environ 40 personnes.<\/span><\/li>\n<\/ul>\n<p style=\"text-align: center;\"><span style=\"color: #000000; font-family: inherit;\">Chaque euro compte. Chaque repas fait na\u00eetre un sourire. Et chaque rencontre prouve que l'amiti\u00e9, la bienveillance et l'humanit\u00e9 transcendent les fronti\u00e8res.<\/span><\/p>\n<p style=\"text-align: center;\"><span style=\"color: #000000; font-family: inherit;\">Aidez-nous \u00e0 faire d'AmiMesa une initiative r\u00e9confortante dans tout Cuba. Ensemble, nous ne mettons pas seulement de la nourriture sur la table, nous donnons aussi de l'espoir.<\/span><\/p>\n<\/div><\/div>\n<\/div>\n<\/div>\n<\/div>\n\n<div class=\"et_pb_section_4 et_pb_section et_section_regular et_flex_section\">\n<div class=\"et_pb_row_4 et_pb_row et_flex_row\">\n<div class=\"et_pb_column_5 et_pb_column et-last-child et_flex_column et_pb_css_mix_blend_mode_passthrough et_flex_column_24_24 et_flex_column_24_24_tablet et_flex_column_24_24_phone\">\n<div class=\"et_pb_module et_pb_button_module_wrapper et_pb_button_0_wrapper\"><a class=\"et_pb_button_0 et_pb_button et_pb_bg_layout_dark et_pb_module et_flex_module\" href=\"https:\/\/bunq.me\/StichtingAmistadconCuba\">Sponsoriser un AmiMesa<\/a><\/div>\n<\/div>\n<\/div>\n<\/div>\n\n<div class=\"et_pb_section_5 et_pb_section et_section_regular et_flex_section\">\n<div class=\"et_pb_row_5 et_pb_row et_flex_row\">\n<div class=\"et_pb_column_6 et_pb_column et-last-child et_flex_column et_pb_css_mix_blend_mode_passthrough et_flex_column_24_24 et_flex_column_24_24_tablet et_flex_column_24_24_phone\">\n<div class=\"et_pb_icon_0 et_pb_icon et_pb_module et_flex_module\"><span class=\"et_pb_icon_wrap\"><span class=\"et-pb-icon\">\uf252<\/span><\/span><\/div>\n\n<div class=\"et_pb_text_5 et_pb_text et_pb_bg_layout_light et_pb_module et_flex_module\"><div class=\"et_pb_text_inner\"><p style=\"text-align: center;\"><strong><span style=\"color: #993300;\">Prochaine AmiMesa :<\/span><\/strong><\/p>\n<p style=\"text-align: center;\"><strong><span style=\"color: #993300;\">Ao\u00fbt 2026<\/span><\/strong><\/p>\n<\/div><\/div>\n<\/div>\n<\/div>\n\n<div class=\"et_pb_row_6 et_pb_row et-vb-row--no-module et_flex_row\">\n<div class=\"et_pb_column_7 et_pb_column et-last-child et_flex_column et_pb_column_empty et_pb_css_mix_blend_mode_passthrough et_flex_column_24_24 et_flex_column_24_24_tablet et_flex_column_24_24_phone\"><\/div>\n<\/div>\n<\/div>","protected":false},"excerpt":{"rendered":"","protected":false},"author":1,"featured_media":981,"parent":0,"menu_order":0,"comment_status":"closed","ping_status":"closed","template":"","meta":{"give_campaign_id":0,"footnotes":""},"class_list":["post-980","page","type-page","status-publish","has-post-thumbnail","hentry"],"campaignId":"0","_links":{"self":[{"href":"https:\/\/amistadcuba.nl\/fr\/wp-json\/wp\/v2\/pages\/980","targetHints":{"allow":["GET"]}}],"collection":[{"href":"https:\/\/amistadcuba.nl\/fr\/wp-json\/wp\/v2\/pages"}],"about":[{"href":"https:\/\/amistadcuba.nl\/fr\/wp-json\/wp\/v2\/types\/page"}],"author":[{"embeddable":true,"href":"https:\/\/amistadcuba.nl\/fr\/wp-json\/wp\/v2\/users\/1"}],"replies":[{"embeddable":true,"href":"https:\/\/amistadcuba.nl\/fr\/wp-json\/wp\/v2\/comments?post=980"}],"version-history":[{"count":0,"href":"https:\/\/amistadcuba.nl\/fr\/wp-json\/wp\/v2\/pages\/980\/revisions"}],"wp:featuredmedia":[{"embeddable":true,"href":"https:\/\/amistadcuba.nl\/fr\/wp-json\/wp\/v2\/media\/981"}],"wp:attachment":[{"href":"https:\/\/amistadcuba.nl\/fr\/wp-json\/wp\/v2\/media?parent=980"}],"curies":[{"name":"wp","href":"https:\/\/api.w.org\/{rel}","templated":true}]}}